{"id":48020,"date":"2026-09-01T14:34:16","date_gmt":"2026-09-01T12:34:16","guid":{"rendered":"https:\/\/viatgesvinolas.com\/?page_id=48020"},"modified":"2026-09-03T16:14:22","modified_gmt":"2026-09-03T14:14:22","slug":"viatge-en-grup-a-turquia-2027","status":"publish","type":"page","link":"https:\/\/viatgesvinolas.com\/en\/viatges-en-grup\/viatge-en-grup-a-turquia-2027\/","title":{"rendered":"Viatge en grup a Turquia"},"content":{"rendered":"\t\t<div data-elementor-type=\"wp-page\" data-elementor-id=\"48020\" class=\"elementor elementor-48020\" data-elementor-post-type=\"page\">\n\t\t\t\t<div class=\"elementor-element elementor-element-5fc5a2a8 e-con-full e-flex e-con e-parent\" data-id=\"5fc5a2a8\" data-element_type=\"container\" data-e-type=\"container\" data-settings=\"{&quot;background_background&quot;:&quot;video&quot;,&quot;background_video_link&quot;:&quot;https:\\\/\\\/viatgesvinolas.com\\\/wp-content\\\/uploads\\\/2026\\\/09\\\/viatge-en-grup-a-turquia.mp4&quot;,&quot;jet_parallax_layout_list&quot;:[],&quot;background_play_on_mobile&quot;:&quot;yes&quot;}\">\n\t\t<div class=\"elementor-background-video-container\">\n\t\t\t\t\t\t\t<video class=\"elementor-background-video-hosted\" role=\"presentation\" autoplay muted playsinline loop><\/video>\n\t\t\t\t\t<\/div>\t\t<\/div>\n\t\t<div class=\"elementor-element elementor-element-aa734c1 e-flex e-con-boxed e-con e-parent\" data-id=\"aa734c1\" data-element_type=\"container\" data-e-type=\"container\" data-settings=\"{&quot;jet_parallax_layout_list&quot;:[{&quot;jet_parallax_layout_image&quot;:{&quot;url&quot;:&quot;&quot;,&quot;id&quot;:&quot;&quot;,&quot;size&quot;:&quot;&quot;},&quot;_id&quot;:&quot;b0b005b&quot;,&quot;jet_parallax_layout_image_tablet&quot;:{&quot;url&quot;:&quot;&quot;,&quot;id&quot;:&quot;&quot;,&quot;size&quot;:&quot;&quot;},&quot;jet_parallax_layout_image_mobile&quot;:{&quot;url&quot;:&quot;&quot;,&quot;id&quot;:&quot;&quot;,&quot;size&quot;:&quot;&quot;},&quot;jet_parallax_layout_speed&quot;:{&quot;unit&quot;:&quot;%&quot;,&quot;size&quot;:50,&quot;sizes&quot;:[]},&quot;jet_parallax_layout_type&quot;:&quot;scroll&quot;,&quot;jet_parallax_layout_direction&quot;:&quot;1&quot;,&quot;jet_parallax_layout_fx_direction&quot;:null,&quot;jet_parallax_layout_z_index&quot;:&quot;&quot;,&quot;jet_parallax_layout_bg_x&quot;:50,&quot;jet_parallax_layout_bg_x_tablet&quot;:&quot;&quot;,&quot;jet_parallax_layout_bg_x_mobile&quot;:&quot;&quot;,&quot;jet_parallax_layout_bg_y&quot;:50,&quot;jet_parallax_layout_bg_y_tablet&quot;:&quot;&quot;,&quot;jet_parallax_layout_bg_y_mobile&quot;:&quot;&quot;,&quot;jet_parallax_layout_bg_size&quot;:&quot;auto&quot;,&quot;jet_parallax_layout_bg_size_tablet&quot;:&quot;&quot;,&quot;jet_parallax_layout_bg_size_mobile&quot;:&quot;&quot;,&quot;jet_parallax_layout_animation_prop&quot;:&quot;transform&quot;,&quot;jet_parallax_layout_on&quot;:[&quot;desktop&quot;,&quot;tablet&quot;]}]}\">\n\t\t\t\t\t<div class=\"e-con-inner\">\n\t\t<div class=\"elementor-element elementor-element-68efddc9 e-con-full e-flex e-con e-child\" data-id=\"68efddc9\" data-element_type=\"container\" data-e-type=\"container\" data-settings=\"{&quot;background_background&quot;:&quot;classic&quot;,&quot;jet_parallax_layout_list&quot;:[]}\">\n\t\t\t\t<div class=\"elementor-element elementor-element-639fb4be elementor-widget elementor-widget-spacer\" data-id=\"639fb4be\" data-element_type=\"widget\" data-e-type=\"widget\" data-widget_type=\"spacer.default\">\n\t\t\t\t<div class=\"elementor-widget-container\">\n\t\t\t\t\t\t\t<div class=\"elementor-spacer\">\n\t\t\t<div class=\"elementor-spacer-inner\"><\/div>\n\t\t<\/div>\n\t\t\t\t\t\t<\/div>\n\t\t\t\t<\/div>\n\t\t\t\t<div class=\"elementor-element elementor-element-62dba921 elementor-widget elementor-widget-heading\" data-id=\"62dba921\" data-element_type=\"widget\" data-e-type=\"widget\" data-widget_type=\"heading.default\">\n\t\t\t\t<div class=\"elementor-widget-container\">\n\t\t\t\t\t<h1 class=\"elementor-heading-title elementor-size-default\">VIATGE EN GRUP A TURQUIA<\/h1>\t\t\t\t<\/div>\n\t\t\t\t<\/div>\n\t\t\t\t<div class=\"elementor-element elementor-element-2a4abf61 elementor-widget elementor-widget-spacer\" data-id=\"2a4abf61\" data-element_type=\"widget\" data-e-type=\"widget\" data-widget_type=\"spacer.default\">\n\t\t\t\t<div class=\"elementor-widget-container\">\n\t\t\t\t\t\t\t<div class=\"elementor-spacer\">\n\t\t\t<div class=\"elementor-spacer-inner\"><\/div>\n\t\t<\/div>\n\t\t\t\t\t\t<\/div>\n\t\t\t\t<\/div>\n\t\t\t\t<div class=\"elementor-element elementor-element-3948529a elementor-widget elementor-widget-text-editor\" data-id=\"3948529a\" data-element_type=\"widget\" data-e-type=\"widget\" data-widget_type=\"text-editor.default\">\n\t\t\t\t<div class=\"elementor-widget-container\">\n\t\t\t\t\t\t\t\t\t<p class=\"PDq2pG_selectionAnchorContainer\" data-start=\"0\" data-end=\"558\">Aquest viatge en grup a Turquia ens portar\u00e0, del 8 al 16 de maig de 2027, a descobrir dues cares fascinants d\u2019un pa\u00eds situat entre Europa i \u00c0sia: els paisatges gaireb\u00e9 irreals de la Capad\u00f2cia i l\u2019energia inconfusible d\u2019Istanbul. Un viatge organitzat a Turquia, amb sortida des de diversos punts d&#8217;origen i trasllat a l&#8217;aeroport, pensat per viure cada etapa amb comoditat i deixar-se sorprendre pel cam\u00ed.<\/p><p data-start=\"560\" data-end=\"1060\">A la Capad\u00f2cia, caminarem entre les formacions rocoses i les xemeneies de les fades de G\u00f6reme, descobrirem les valls de Pasabag i Devrent, la tradici\u00f3 terrissaire d\u2019Avanos i ens endinsarem en la sorprenent ciutat subterr\u00e0nia de Kaymakli.\u00a0<\/p><p data-start=\"1062\" data-end=\"1504\">Despr\u00e9s ens esperar\u00e0 Istanbul, una ciutat on palaus, mesquites, basars i barris plens de vida expliquen segles d\u2019hist\u00f2ria. Visitarem Santa Sofia, la Mesquita Blava, la Cisterna Bas\u00edlica, el Gran Basar i el Palau Topkapi, navegarem en creuer pel B\u00f2sfor entre Europa i \u00c0sia i descobrirem l\u2019encant de Fener i Balat.<\/p><p data-start=\"1506\" data-end=\"1718\" data-is-last-node=\"\" data-is-only-node=\"\">Un viatge a Turquia al 2027 per descobrir, compartir i gaudir sense presses d\u2019un dest\u00ed extraordinari, combinant paisatges \u00fanics, grans monuments, cultura i experi\u00e8ncies que donen sentit a cada dia del viatge.<\/p>\t\t\t\t\t\t\t\t<\/div>\n\t\t\t\t<\/div>\n\t\t\t\t<\/div>\n\t\t\t\t\t<\/div>\n\t\t\t\t<\/div>\n\t\t<div class=\"elementor-element elementor-element-70cafa21 e-flex e-con-boxed e-con e-parent\" data-id=\"70cafa21\" data-element_type=\"container\" data-e-type=\"container\" data-settings=\"{&quot;jet_parallax_layout_list&quot;:[{&quot;jet_parallax_layout_image&quot;:{&quot;url&quot;:&quot;&quot;,&quot;id&quot;:&quot;&quot;,&quot;size&quot;:&quot;&quot;},&quot;_id&quot;:&quot;b0b005b&quot;,&quot;jet_parallax_layout_image_tablet&quot;:{&quot;url&quot;:&quot;&quot;,&quot;id&quot;:&quot;&quot;,&quot;size&quot;:&quot;&quot;},&quot;jet_parallax_layout_image_mobile&quot;:{&quot;url&quot;:&quot;&quot;,&quot;id&quot;:&quot;&quot;,&quot;size&quot;:&quot;&quot;},&quot;jet_parallax_layout_speed&quot;:{&quot;unit&quot;:&quot;%&quot;,&quot;size&quot;:50,&quot;sizes&quot;:[]},&quot;jet_parallax_layout_type&quot;:&quot;scroll&quot;,&quot;jet_parallax_layout_direction&quot;:&quot;1&quot;,&quot;jet_parallax_layout_fx_direction&quot;:null,&quot;jet_parallax_layout_z_index&quot;:&quot;&quot;,&quot;jet_parallax_layout_bg_x&quot;:50,&quot;jet_parallax_layout_bg_x_tablet&quot;:&quot;&quot;,&quot;jet_parallax_layout_bg_x_mobile&quot;:&quot;&quot;,&quot;jet_parallax_layout_bg_y&quot;:50,&quot;jet_parallax_layout_bg_y_tablet&quot;:&quot;&quot;,&quot;jet_parallax_layout_bg_y_mobile&quot;:&quot;&quot;,&quot;jet_parallax_layout_bg_size&quot;:&quot;auto&quot;,&quot;jet_parallax_layout_bg_size_tablet&quot;:&quot;&quot;,&quot;jet_parallax_layout_bg_size_mobile&quot;:&quot;&quot;,&quot;jet_parallax_layout_animation_prop&quot;:&quot;transform&quot;,&quot;jet_parallax_layout_on&quot;:[&quot;desktop&quot;,&quot;tablet&quot;]}]}\">\n\t\t\t\t\t<div class=\"e-con-inner\">\n\t\t<div class=\"elementor-element elementor-element-47624749 e-con-full e-flex e-con e-child\" data-id=\"47624749\" data-element_type=\"container\" data-e-type=\"container\" data-settings=\"{&quot;background_background&quot;:&quot;classic&quot;,&quot;jet_parallax_layout_list&quot;:[]}\">\n\t\t\t\t<div class=\"elementor-element elementor-element-13302f82 elementor-view-default elementor-position-block-start elementor-mobile-position-block-start elementor-widget elementor-widget-icon-box\" data-id=\"13302f82\" data-element_type=\"widget\" data-e-type=\"widget\" data-widget_type=\"icon-box.default\">\n\t\t\t\t<div class=\"elementor-widget-container\">\n\t\t\t\t\t\t\t<div class=\"elementor-icon-box-wrapper\">\n\n\t\t\t\t\t\t<div class=\"elementor-icon-box-icon\">\n\t\t\t\t<span  class=\"elementor-icon\">\n\t\t\t\t<svg aria-hidden=\"true\" class=\"e-font-icon-svg e-far-calendar-alt\" viewBox=\"0 0 448 512\" xmlns=\"http:\/\/www.w3.org\/2000\/svg\"><path d=\"M148 288h-40c-6.6 0-12-5.4-12-12v-40c0-6.6 5.4-12 12-12h40c6.6 0 12 5.4 12 12v40c0 6.6-5.4 12-12 12zm108-12v-40c0-6.6-5.4-12-12-12h-40c-6.6 0-12 5.4-12 12v40c0 6.6 5.4 12 12 12h40c6.6 0 12-5.4 12-12zm96 0v-40c0-6.6-5.4-12-12-12h-40c-6.6 0-12 5.4-12 12v40c0 6.6 5.4 12 12 12h40c6.6 0 12-5.4 12-12zm-96 96v-40c0-6.6-5.4-12-12-12h-40c-6.6 0-12 5.4-12 12v40c0 6.6 5.4 12 12 12h40c6.6 0 12-5.4 12-12zm-96 0v-40c0-6.6-5.4-12-12-12h-40c-6.6 0-12 5.4-12 12v40c0 6.6 5.4 12 12 12h40c6.6 0 12-5.4 12-12zm192 0v-40c0-6.6-5.4-12-12-12h-40c-6.6 0-12 5.4-12 12v40c0 6.6 5.4 12 12 12h40c6.6 0 12-5.4 12-12zm96-260v352c0 26.5-21.5 48-48 48H48c-26.5 0-48-21.5-48-48V112c0-26.5 21.5-48 48-48h48V12c0-6.6 5.4-12 12-12h40c6.6 0 12 5.4 12 12v52h128V12c0-6.6 5.4-12 12-12h40c6.6 0 12 5.4 12 12v52h48c26.5 0 48 21.5 48 48zm-48 346V160H48v298c0 3.3 2.7 6 6 6h340c3.3 0 6-2.7 6-6z\"><\/path><\/svg>\t\t\t\t<\/span>\n\t\t\t<\/div>\n\t\t\t\n\t\t\t\t\t\t<div class=\"elementor-icon-box-content\">\n\n\t\t\t\t\t\t\t\t\t<h3 class=\"elementor-icon-box-title\">\n\t\t\t\t\t\t<span  >\n\t\t\t\t\t\t\tDel 8 al 16 de maig del 2027\t\t\t\t\t\t<\/span>\n\t\t\t\t\t<\/h3>\n\t\t\t\t\n\t\t\t\t\n\t\t\t<\/div>\n\t\t\t\n\t\t<\/div>\n\t\t\t\t\t\t<\/div>\n\t\t\t\t<\/div>\n\t\t\t\t<\/div>\n\t\t<div class=\"elementor-element elementor-element-3f07c265 e-con-full e-flex e-con e-child\" data-id=\"3f07c265\" data-element_type=\"container\" data-e-type=\"container\" data-settings=\"{&quot;background_background&quot;:&quot;classic&quot;,&quot;jet_parallax_layout_list&quot;:[]}\">\n\t\t\t\t<div class=\"elementor-element elementor-element-4ed4e761 elementor-view-default elementor-position-block-start elementor-mobile-position-block-start elementor-widget elementor-widget-icon-box\" data-id=\"4ed4e761\" data-element_type=\"widget\" data-e-type=\"widget\" data-widget_type=\"icon-box.default\">\n\t\t\t\t<div class=\"elementor-widget-container\">\n\t\t\t\t\t\t\t<div class=\"elementor-icon-box-wrapper\">\n\n\t\t\t\t\t\t<div class=\"elementor-icon-box-icon\">\n\t\t\t\t<span  class=\"elementor-icon\">\n\t\t\t\t<svg aria-hidden=\"true\" class=\"e-font-icon-svg e-fas-users\" viewBox=\"0 0 640 512\" xmlns=\"http:\/\/www.w3.org\/2000\/svg\"><path d=\"M96 224c35.3 0 64-28.7 64-64s-28.7-64-64-64-64 28.7-64 64 28.7 64 64 64zm448 0c35.3 0 64-28.7 64-64s-28.7-64-64-64-64 28.7-64 64 28.7 64 64 64zm32 32h-64c-17.6 0-33.5 7.1-45.1 18.6 40.3 22.1 68.9 62 75.1 109.4h66c17.7 0 32-14.3 32-32v-32c0-35.3-28.7-64-64-64zm-256 0c61.9 0 112-50.1 112-112S381.9 32 320 32 208 82.1 208 144s50.1 112 112 112zm76.8 32h-8.3c-20.8 10-43.9 16-68.5 16s-47.6-6-68.5-16h-8.3C179.6 288 128 339.6 128 403.2V432c0 26.5 21.5 48 48 48h288c26.5 0 48-21.5 48-48v-28.8c0-63.6-51.6-115.2-115.2-115.2zm-223.7-13.4C161.5 263.1 145.6 256 128 256H64c-35.3 0-64 28.7-64 64v32c0 17.7 14.3 32 32 32h65.9c6.3-47.4 34.9-87.3 75.2-109.4z\"><\/path><\/svg>\t\t\t\t<\/span>\n\t\t\t<\/div>\n\t\t\t\n\t\t\t\t\t\t<div class=\"elementor-icon-box-content\">\n\n\t\t\t\t\t\t\t\t\t<h3 class=\"elementor-icon-box-title\">\n\t\t\t\t\t\t<span  >\n\t\t\t\t\t\t\tViatge en grup\t\t\t\t\t\t<\/span>\n\t\t\t\t\t<\/h3>\n\t\t\t\t\n\t\t\t\t\n\t\t\t<\/div>\n\t\t\t\n\t\t<\/div>\n\t\t\t\t\t\t<\/div>\n\t\t\t\t<\/div>\n\t\t\t\t<\/div>\n\t\t<div class=\"elementor-element elementor-element-41bdf6b2 e-con-full e-flex e-con e-child\" data-id=\"41bdf6b2\" data-element_type=\"container\" data-e-type=\"container\" data-settings=\"{&quot;background_background&quot;:&quot;classic&quot;,&quot;jet_parallax_layout_list&quot;:[]}\">\n\t\t\t\t<div class=\"elementor-element elementor-element-579adb03 elementor-view-default elementor-position-block-start elementor-mobile-position-block-start elementor-widget elementor-widget-icon-box\" data-id=\"579adb03\" data-element_type=\"widget\" data-e-type=\"widget\" data-widget_type=\"icon-box.default\">\n\t\t\t\t<div class=\"elementor-widget-container\">\n\t\t\t\t\t\t\t<div class=\"elementor-icon-box-wrapper\">\n\n\t\t\t\t\t\t<div class=\"elementor-icon-box-icon\">\n\t\t\t\t<span  class=\"elementor-icon\">\n\t\t\t\t<svg aria-hidden=\"true\" class=\"e-font-icon-svg e-fas-user\" viewBox=\"0 0 448 512\" xmlns=\"http:\/\/www.w3.org\/2000\/svg\"><path d=\"M224 256c70.7 0 128-57.3 128-128S294.7 0 224 0 96 57.3 96 128s57.3 128 128 128zm89.6 32h-16.7c-22.2 10.2-46.9 16-72.9 16s-50.6-5.8-72.9-16h-16.7C60.2 288 0 348.2 0 422.4V464c0 26.5 21.5 48 48 48h352c26.5 0 48-21.5 48-48v-41.6c0-74.2-60.2-134.4-134.4-134.4z\"><\/path><\/svg>\t\t\t\t<\/span>\n\t\t\t<\/div>\n\t\t\t\n\t\t\t\t\t\t<div class=\"elementor-icon-box-content\">\n\n\t\t\t\t\t\t\t\t\t<h3 class=\"elementor-icon-box-title\">\n\t\t\t\t\t\t<span  >\n\t\t\t\t\t\t\tGuia acompanyant\t\t\t\t\t\t<\/span>\n\t\t\t\t\t<\/h3>\n\t\t\t\t\n\t\t\t\t\n\t\t\t<\/div>\n\t\t\t\n\t\t<\/div>\n\t\t\t\t\t\t<\/div>\n\t\t\t\t<\/div>\n\t\t\t\t<\/div>\n\t\t\t\t\t<\/div>\n\t\t\t\t<\/div>\n\t\t<div class=\"elementor-element elementor-element-3498639c e-flex e-con-boxed e-con e-parent\" data-id=\"3498639c\" data-element_type=\"container\" data-e-type=\"container\" data-settings=\"{&quot;jet_parallax_layout_list&quot;:[{&quot;jet_parallax_layout_image&quot;:{&quot;url&quot;:&quot;&quot;,&quot;id&quot;:&quot;&quot;,&quot;size&quot;:&quot;&quot;},&quot;_id&quot;:&quot;b0b005b&quot;,&quot;jet_parallax_layout_image_tablet&quot;:{&quot;url&quot;:&quot;&quot;,&quot;id&quot;:&quot;&quot;,&quot;size&quot;:&quot;&quot;},&quot;jet_parallax_layout_image_mobile&quot;:{&quot;url&quot;:&quot;&quot;,&quot;id&quot;:&quot;&quot;,&quot;size&quot;:&quot;&quot;},&quot;jet_parallax_layout_speed&quot;:{&quot;unit&quot;:&quot;%&quot;,&quot;size&quot;:50,&quot;sizes&quot;:[]},&quot;jet_parallax_layout_type&quot;:&quot;scroll&quot;,&quot;jet_parallax_layout_direction&quot;:&quot;1&quot;,&quot;jet_parallax_layout_fx_direction&quot;:null,&quot;jet_parallax_layout_z_index&quot;:&quot;&quot;,&quot;jet_parallax_layout_bg_x&quot;:50,&quot;jet_parallax_layout_bg_x_tablet&quot;:&quot;&quot;,&quot;jet_parallax_layout_bg_x_mobile&quot;:&quot;&quot;,&quot;jet_parallax_layout_bg_y&quot;:50,&quot;jet_parallax_layout_bg_y_tablet&quot;:&quot;&quot;,&quot;jet_parallax_layout_bg_y_mobile&quot;:&quot;&quot;,&quot;jet_parallax_layout_bg_size&quot;:&quot;auto&quot;,&quot;jet_parallax_layout_bg_size_tablet&quot;:&quot;&quot;,&quot;jet_parallax_layout_bg_size_mobile&quot;:&quot;&quot;,&quot;jet_parallax_layout_animation_prop&quot;:&quot;transform&quot;,&quot;jet_parallax_layout_on&quot;:[&quot;desktop&quot;,&quot;tablet&quot;]}]}\">\n\t\t\t\t\t<div class=\"e-con-inner\">\n\t\t<div class=\"elementor-element elementor-element-e851ff9 e-con-full e-flex e-con e-child\" data-id=\"e851ff9\" data-element_type=\"container\" data-e-type=\"container\" data-settings=\"{&quot;background_background&quot;:&quot;classic&quot;,&quot;jet_parallax_layout_list&quot;:[]}\">\n\t\t\t\t<div class=\"elementor-element elementor-element-121b0a17 elementor-view-default elementor-position-block-start elementor-mobile-position-block-start elementor-widget elementor-widget-icon-box\" data-id=\"121b0a17\" data-element_type=\"widget\" data-e-type=\"widget\" data-widget_type=\"icon-box.default\">\n\t\t\t\t<div class=\"elementor-widget-container\">\n\t\t\t\t\t\t\t<div class=\"elementor-icon-box-wrapper\">\n\n\t\t\t\t\t\t<div class=\"elementor-icon-box-icon\">\n\t\t\t\t<span  class=\"elementor-icon\">\n\t\t\t\t<svg aria-hidden=\"true\" class=\"e-font-icon-svg e-fas-plane\" viewBox=\"0 0 576 512\" xmlns=\"http:\/\/www.w3.org\/2000\/svg\"><path d=\"M480 192H365.71L260.61 8.06A16.014 16.014 0 0 0 246.71 0h-65.5c-10.63 0-18.3 10.17-15.38 20.39L214.86 192H112l-43.2-57.6c-3.02-4.03-7.77-6.4-12.8-6.4H16.01C5.6 128-2.04 137.78.49 147.88L32 256 .49 364.12C-2.04 374.22 5.6 384 16.01 384H56c5.04 0 9.78-2.37 12.8-6.4L112 320h102.86l-49.03 171.6c-2.92 10.22 4.75 20.4 15.38 20.4h65.5c5.74 0 11.04-3.08 13.89-8.06L365.71 320H480c35.35 0 96-28.65 96-64s-60.65-64-96-64z\"><\/path><\/svg>\t\t\t\t<\/span>\n\t\t\t<\/div>\n\t\t\t\n\t\t\t\t\t\t<div class=\"elementor-icon-box-content\">\n\n\t\t\t\t\t\t\t\t\t<h3 class=\"elementor-icon-box-title\">\n\t\t\t\t\t\t<span  >\n\t\t\t\t\t\t\tViatge amb avi\u00f3\t\t\t\t\t\t<\/span>\n\t\t\t\t\t<\/h3>\n\t\t\t\t\n\t\t\t\t\n\t\t\t<\/div>\n\t\t\t\n\t\t<\/div>\n\t\t\t\t\t\t<\/div>\n\t\t\t\t<\/div>\n\t\t\t\t<\/div>\n\t\t<div class=\"elementor-element elementor-element-3242e60a e-con-full e-flex e-con e-child\" data-id=\"3242e60a\" data-element_type=\"container\" data-e-type=\"container\" data-settings=\"{&quot;background_background&quot;:&quot;classic&quot;,&quot;jet_parallax_layout_list&quot;:[]}\">\n\t\t\t\t<div class=\"elementor-element elementor-element-fe5cf22 elementor-view-default elementor-position-block-start elementor-mobile-position-block-start elementor-widget elementor-widget-icon-box\" data-id=\"fe5cf22\" data-element_type=\"widget\" data-e-type=\"widget\" data-widget_type=\"icon-box.default\">\n\t\t\t\t<div class=\"elementor-widget-container\">\n\t\t\t\t\t\t\t<div class=\"elementor-icon-box-wrapper\">\n\n\t\t\t\t\t\t<div class=\"elementor-icon-box-icon\">\n\t\t\t\t<span  class=\"elementor-icon\">\n\t\t\t\t<svg aria-hidden=\"true\" class=\"e-font-icon-svg e-fas-hotel\" viewBox=\"0 0 576 512\" xmlns=\"http:\/\/www.w3.org\/2000\/svg\"><path d=\"M560 64c8.84 0 16-7.16 16-16V16c0-8.84-7.16-16-16-16H16C7.16 0 0 7.16 0 16v32c0 8.84 7.16 16 16 16h15.98v384H16c-8.84 0-16 7.16-16 16v32c0 8.84 7.16 16 16 16h240v-80c0-8.8 7.2-16 16-16h32c8.8 0 16 7.2 16 16v80h240c8.84 0 16-7.16 16-16v-32c0-8.84-7.16-16-16-16h-16V64h16zm-304 44.8c0-6.4 6.4-12.8 12.8-12.8h38.4c6.4 0 12.8 6.4 12.8 12.8v38.4c0 6.4-6.4 12.8-12.8 12.8h-38.4c-6.4 0-12.8-6.4-12.8-12.8v-38.4zm0 96c0-6.4 6.4-12.8 12.8-12.8h38.4c6.4 0 12.8 6.4 12.8 12.8v38.4c0 6.4-6.4 12.8-12.8 12.8h-38.4c-6.4 0-12.8-6.4-12.8-12.8v-38.4zm-128-96c0-6.4 6.4-12.8 12.8-12.8h38.4c6.4 0 12.8 6.4 12.8 12.8v38.4c0 6.4-6.4 12.8-12.8 12.8h-38.4c-6.4 0-12.8-6.4-12.8-12.8v-38.4zM179.2 256h-38.4c-6.4 0-12.8-6.4-12.8-12.8v-38.4c0-6.4 6.4-12.8 12.8-12.8h38.4c6.4 0 12.8 6.4 12.8 12.8v38.4c0 6.4-6.4 12.8-12.8 12.8zM192 384c0-53.02 42.98-96 96-96s96 42.98 96 96H192zm256-140.8c0 6.4-6.4 12.8-12.8 12.8h-38.4c-6.4 0-12.8-6.4-12.8-12.8v-38.4c0-6.4 6.4-12.8 12.8-12.8h38.4c6.4 0 12.8 6.4 12.8 12.8v38.4zm0-96c0 6.4-6.4 12.8-12.8 12.8h-38.4c-6.4 0-12.8-6.4-12.8-12.8v-38.4c0-6.4 6.4-12.8 12.8-12.8h38.4c6.4 0 12.8 6.4 12.8 12.8v38.4z\"><\/path><\/svg>\t\t\t\t<\/span>\n\t\t\t<\/div>\n\t\t\t\n\t\t\t\t\t\t<div class=\"elementor-icon-box-content\">\n\n\t\t\t\t\t\t\t\t\t<h3 class=\"elementor-icon-box-title\">\n\t\t\t\t\t\t<span  >\n\t\t\t\t\t\t\t8 nits d'hotels 4* i 5*\t\t\t\t\t\t<\/span>\n\t\t\t\t\t<\/h3>\n\t\t\t\t\n\t\t\t\t\n\t\t\t<\/div>\n\t\t\t\n\t\t<\/div>\n\t\t\t\t\t\t<\/div>\n\t\t\t\t<\/div>\n\t\t\t\t<\/div>\n\t\t<div class=\"elementor-element elementor-element-67afe59a e-con-full e-flex e-con e-child\" data-id=\"67afe59a\" data-element_type=\"container\" data-e-type=\"container\" data-settings=\"{&quot;background_background&quot;:&quot;classic&quot;,&quot;jet_parallax_layout_list&quot;:[]}\">\n\t\t\t\t<div class=\"elementor-element elementor-element-5582ffc7 elementor-view-default elementor-position-block-start elementor-mobile-position-block-start elementor-widget elementor-widget-icon-box\" data-id=\"5582ffc7\" data-element_type=\"widget\" data-e-type=\"widget\" data-widget_type=\"icon-box.default\">\n\t\t\t\t<div class=\"elementor-widget-container\">\n\t\t\t\t\t\t\t<div class=\"elementor-icon-box-wrapper\">\n\n\t\t\t\t\t\t<div class=\"elementor-icon-box-icon\">\n\t\t\t\t<span  class=\"elementor-icon\">\n\t\t\t\t<svg aria-hidden=\"true\" class=\"e-font-icon-svg e-fas-utensils\" viewBox=\"0 0 416 512\" xmlns=\"http:\/\/www.w3.org\/2000\/svg\"><path d=\"M207.9 15.2c.8 4.7 16.1 94.5 16.1 128.8 0 52.3-27.8 89.6-68.9 104.6L168 486.7c.7 13.7-10.2 25.3-24 25.3H80c-13.7 0-24.7-11.5-24-25.3l12.9-238.1C27.7 233.6 0 196.2 0 144 0 109.6 15.3 19.9 16.1 15.2 19.3-5.1 61.4-5.4 64 16.3v141.2c1.3 3.4 15.1 3.2 16 0 1.4-25.3 7.9-139.2 8-141.8 3.3-20.8 44.7-20.8 47.9 0 .2 2.7 6.6 116.5 8 141.8.9 3.2 14.8 3.4 16 0V16.3c2.6-21.6 44.8-21.4 48-1.1zm119.2 285.7l-15 185.1c-1.2 14 9.9 26 23.9 26h56c13.3 0 24-10.7 24-24V24c0-13.2-10.7-24-24-24-82.5 0-221.4 178.5-64.9 300.9z\"><\/path><\/svg>\t\t\t\t<\/span>\n\t\t\t<\/div>\n\t\t\t\n\t\t\t\t\t\t<div class=\"elementor-icon-box-content\">\n\n\t\t\t\t\t\t\t\t\t<h3 class=\"elementor-icon-box-title\">\n\t\t\t\t\t\t<span  >\n\t\t\t\t\t\t\tEsmorzars, 6 dinars i 1 sopar\t\t\t\t\t\t<\/span>\n\t\t\t\t\t<\/h3>\n\t\t\t\t\n\t\t\t\t\n\t\t\t<\/div>\n\t\t\t\n\t\t<\/div>\n\t\t\t\t\t\t<\/div>\n\t\t\t\t<\/div>\n\t\t\t\t<\/div>\n\t\t\t\t\t<\/div>\n\t\t\t\t<\/div>\n\t\t<div class=\"elementor-element elementor-element-64444878 e-flex e-con-boxed e-con e-parent\" data-id=\"64444878\" data-element_type=\"container\" data-e-type=\"container\" data-settings=\"{&quot;jet_parallax_layout_list&quot;:[]}\">\n\t\t\t\t\t<div class=\"e-con-inner\">\n\t\t\t\t<div class=\"elementor-element elementor-element-6546bb80 elementor-widget elementor-widget-heading\" data-id=\"6546bb80\" data-element_type=\"widget\" data-e-type=\"widget\" data-widget_type=\"heading.default\">\n\t\t\t\t<div class=\"elementor-widget-container\">\n\t\t\t\t\t<h2 class=\"elementor-heading-title elementor-size-default\">Itinerari<\/h2>\t\t\t\t<\/div>\n\t\t\t\t<\/div>\n\t\t\t\t<div class=\"elementor-element elementor-element-321c5f69 elementor-widget elementor-widget-heading\" data-id=\"321c5f69\" data-element_type=\"widget\" data-e-type=\"widget\" data-widget_type=\"heading.default\">\n\t\t\t\t<div class=\"elementor-widget-container\">\n\t\t\t\t\t<p class=\"elementor-heading-title elementor-size-default\">DISSABTE 8 DE MAIG<\/p>\t\t\t\t<\/div>\n\t\t\t\t<\/div>\n\t\t\t\t<div class=\"elementor-element elementor-element-65a31386 elementor-widget elementor-widget-heading\" data-id=\"65a31386\" data-element_type=\"widget\" data-e-type=\"widget\" data-widget_type=\"heading.default\">\n\t\t\t\t<div class=\"elementor-widget-container\">\n\t\t\t\t\t<h3 class=\"elementor-heading-title elementor-size-default\">ORIGEN \u2192 BARCELONA \u2192 ISTANBUL \u2192 KAYSERI<\/h3>\t\t\t\t<\/div>\n\t\t\t\t<\/div>\n\t\t\t\t<div class=\"elementor-element elementor-element-4dd663e3 elementor-widget elementor-widget-text-editor\" data-id=\"4dd663e3\" data-element_type=\"widget\" data-e-type=\"widget\" data-widget_type=\"text-editor.default\">\n\t\t\t\t<div class=\"elementor-widget-container\">\n\t\t\t\t\t\t\t\t\t<p>A l&#8217;hora acordada, trasllat en autocar des dels diferents punts de sortida fins a la terminal 1 de l\u2019aeroport de Barcelona amb guia acompanyant de Viatges Vi\u00f1olas. <br \/>Sortida del vol a les 12.10h amb arribada a l\u2019aeroport de Kayseri a les 20.00h via Istanbul. Trasllat amb autocar fins a l&#8217;hotel. Arribada i distribuci\u00f3 de les habitacions.<\/p><p>Sopar i allotjament a l&#8217;hotel.<\/p>\t\t\t\t\t\t\t\t<\/div>\n\t\t\t\t<\/div>\n\t\t\t\t\t<\/div>\n\t\t\t\t<\/div>\n\t\t<div class=\"elementor-element elementor-element-7d444cc8 e-flex e-con-boxed e-con e-parent\" data-id=\"7d444cc8\" data-element_type=\"container\" data-e-type=\"container\" data-settings=\"{&quot;jet_parallax_layout_list&quot;:[]}\">\n\t\t\t\t\t<div class=\"e-con-inner\">\n\t\t\t\t<div class=\"elementor-element elementor-element-5a82d7b9 elementor-widget elementor-widget-heading\" data-id=\"5a82d7b9\" data-element_type=\"widget\" data-e-type=\"widget\" data-widget_type=\"heading.default\">\n\t\t\t\t<div class=\"elementor-widget-container\">\n\t\t\t\t\t<p class=\"elementor-heading-title elementor-size-default\">DIUMENGE 9 DE MAIG<\/p>\t\t\t\t<\/div>\n\t\t\t\t<\/div>\n\t\t\t\t<div class=\"elementor-element elementor-element-67cc41a6 elementor-widget elementor-widget-heading\" data-id=\"67cc41a6\" data-element_type=\"widget\" data-e-type=\"widget\" data-widget_type=\"heading.default\">\n\t\t\t\t<div class=\"elementor-widget-container\">\n\t\t\t\t\t<h3 class=\"elementor-heading-title elementor-size-default\">LES VALLS DE G\u00d6REME<\/h3>\t\t\t\t<\/div>\n\t\t\t\t<\/div>\n\t\t\t\t<div class=\"elementor-element elementor-element-1af6c4cc elementor-widget elementor-widget-text-editor\" data-id=\"1af6c4cc\" data-element_type=\"widget\" data-e-type=\"widget\" data-widget_type=\"text-editor.default\">\n\t\t\t\t<div class=\"elementor-widget-container\">\n\t\t\t\t\t\t\t\t\t<p><strong>Activitat opcional amb cost addicional:<\/strong> Per aquells qui ho desitgin, tenen la possibilitat de contractar una excursi\u00f3 en globus aerost\u00e0tic sobre la Capad\u00f2cia a primera hora del mat\u00ed. Podran veure sortir el sol i comen\u00e7ar el dia des del cel, volant en silenci sobre Turquia. En acabar, esmorzar a l&#8217;hotel.<\/p><p>A primera hora del mat\u00ed sortirem en autocar amb el nostre guia local per visitar l&#8217;atracci\u00f3 m\u00e9s popular de la Capad\u00f2cia, G\u00f6reme, Patrimoni de la Humanitat per la UNESCO i fam\u00f3s per les seves esgl\u00e9sies rupestres excavades en la roca i decorades amb extraordinaris frescos bizantins del cristianisme primitiu. \u00c9s un indret on podrem apreciar la impressionant bellesa de les formacions rocalloses que la natura ha creat amb el pas del temps.<\/p><p>Recorregut pels antics monestirs i les capelles que reflecteixen la vida espiritual de les primeres comunitats cristianes en un entorn natural \u00fanic. La Vall de Pasabag (Vall dels Monjos) \u00e9s famosa pels seus impressionants pilars de terra, situats al centre d&#8217;unes vinyes. Aquesta vall tamb\u00e9 allotja unes meravelloses i populars columnes de roca amb forma de fong. Visita i caminada entre les emblem\u00e0tiques Xemeneies de les fades, formacions volc\u00e0niques que han esdevingut s\u00edmbols de Capad\u00f2cia.<\/p><p>Dinar a un restaurant local. Havent dinat, continuarem amb la Vall de Devrent, coneguda com la vall rosa o la vall imagin\u00e0ria, situada a nom\u00e9s 10 minuts de G\u00f6reme. \u00c9s famosa per les seves roques amb formes d&#8217;animals (dof\u00ed, camell, foca, etc). Els seus paisatges es comparen amb la superf\u00edcie de Mart i s&#8217;utilitza molt com a escenari cinematogr\u00e0fic.<\/p><p>Recorrerem el poble d&#8217;Avanos, a la vora del riu Kizilirmak, conegut per la seva tradici\u00f3 mil\u00b7len\u00e0ria en cer\u00e0mica artesanal. Sopar lliure i allotjament a l&#8217;hotel.<\/p>\t\t\t\t\t\t\t\t<\/div>\n\t\t\t\t<\/div>\n\t\t\t\t\t<\/div>\n\t\t\t\t<\/div>\n\t\t<div class=\"elementor-element elementor-element-4478ebbe e-flex e-con-boxed e-con e-parent\" data-id=\"4478ebbe\" data-element_type=\"container\" data-e-type=\"container\" data-settings=\"{&quot;jet_parallax_layout_list&quot;:[]}\">\n\t\t\t\t\t<div class=\"e-con-inner\">\n\t\t\t\t<div class=\"elementor-element elementor-element-7850dd30 elementor-widget elementor-widget-jet-image-accordion\" data-id=\"7850dd30\" data-element_type=\"widget\" data-e-type=\"widget\" data-widget_type=\"jet-image-accordion.default\">\n\t\t\t\t<div class=\"elementor-widget-container\">\n\t\t\t\t\t<div class=\"elementor-jet-image-accordion jet-tabs-addons\"><div class=\"jet-image-accordion jet-image-accordion-vertical-orientation jet-image-accordion-circ-ease\" role=\"tablist\" data-settings=\"{&quot;orientation&quot;:&quot;vertical&quot;,&quot;activeSize&quot;:{&quot;unit&quot;:&quot;%&quot;,&quot;size&quot;:50,&quot;sizes&quot;:[]},&quot;duration&quot;:500,&quot;activeItem&quot;:-1}\">\n\t<div class=\"jet-image-accordion__list\">\n<div class=\"jet-image-accordion__item title-display-mode__on_hover\" role=\"tab\" aria-selected=\"false\" tabindex=\"0\">\n<img decoding=\"async\" class=\"jet-image-accordion__image-instance\" src=\"https:\/\/i0.wp.com\/viatgesvinolas.com\/wp-content\/uploads\/2026\/09\/viatge-en-globus-aerostatic-capadocia-goreme-viatge-en-grup-turquia-viatges-vinolas.jpg?fit=800%2C533&amp;ssl=1\" alt=\"viatge-en-globus-aerostatic-capadocia-goreme-viatge-en-grup-turquia-viatges-vinolas\">\n\t\n\t<div class=\"jet-image-accordion__content\">\n\t\t<\/div>\n\t<div class=\"jet-image-accordion__item-loader\"><span><\/span><\/div>\n<\/div>\n<div class=\"jet-image-accordion__item title-display-mode__on_hover\" role=\"tab\" aria-selected=\"false\" tabindex=\"0\">\n<img decoding=\"async\" class=\"jet-image-accordion__image-instance\" src=\"https:\/\/i0.wp.com\/viatgesvinolas.com\/wp-content\/uploads\/2026\/09\/goreme-capadocia-viatge-en-grup-turquia-viatges-vinolas.jpg?fit=800%2C533&amp;ssl=1\" alt=\"goreme-capadocia-viatge-en-grup-turquia-viatges-vinolas\">\n\t\n\t<div class=\"jet-image-accordion__content\">\n\t\t<\/div>\n\t<div class=\"jet-image-accordion__item-loader\"><span><\/span><\/div>\n<\/div>\n<div class=\"jet-image-accordion__item title-display-mode__on_hover\" role=\"tab\" aria-selected=\"false\" tabindex=\"0\">\n<img decoding=\"async\" class=\"jet-image-accordion__image-instance\" src=\"https:\/\/i0.wp.com\/viatgesvinolas.com\/wp-content\/uploads\/2026\/09\/vista-panoramica-goreme-capadocia-viatge-en-grup-turquia-viatges-vinolas.jpg?fit=800%2C450&amp;ssl=1\" alt=\"vista-panoramica-goreme-capadocia-viatge-en-grup-turquia-viatges-vinolas\">\n\t\n\t<div class=\"jet-image-accordion__content\">\n\t\t<\/div>\n\t<div class=\"jet-image-accordion__item-loader\"><span><\/span><\/div>\n<\/div>\n<\/div>\n<\/div>\n<\/div>\t\t\t\t<\/div>\n\t\t\t\t<\/div>\n\t\t\t\t\t<\/div>\n\t\t\t\t<\/div>\n\t\t<div class=\"elementor-element elementor-element-1857060f e-flex e-con-boxed e-con e-parent\" data-id=\"1857060f\" data-element_type=\"container\" data-e-type=\"container\" data-settings=\"{&quot;jet_parallax_layout_list&quot;:[]}\">\n\t\t\t\t\t<div class=\"e-con-inner\">\n\t\t\t\t<div class=\"elementor-element elementor-element-5fe13a08 elementor-widget elementor-widget-heading\" data-id=\"5fe13a08\" data-element_type=\"widget\" data-e-type=\"widget\" data-widget_type=\"heading.default\">\n\t\t\t\t<div class=\"elementor-widget-container\">\n\t\t\t\t\t<p class=\"elementor-heading-title elementor-size-default\">DILLUNS 10 DE MAIG<\/p>\t\t\t\t<\/div>\n\t\t\t\t<\/div>\n\t\t\t\t<div class=\"elementor-element elementor-element-a46d404 elementor-widget elementor-widget-heading\" data-id=\"a46d404\" data-element_type=\"widget\" data-e-type=\"widget\" data-widget_type=\"heading.default\">\n\t\t\t\t<div class=\"elementor-widget-container\">\n\t\t\t\t\t<h3 class=\"elementor-heading-title elementor-size-default\">SUD DE LA CAPAD\u00d2CIA<\/h3>\t\t\t\t<\/div>\n\t\t\t\t<\/div>\n\t\t\t\t<div class=\"elementor-element elementor-element-2165fbfd elementor-widget elementor-widget-text-editor\" data-id=\"2165fbfd\" data-element_type=\"widget\" data-e-type=\"widget\" data-widget_type=\"text-editor.default\">\n\t\t\t\t<div class=\"elementor-widget-container\">\n\t\t\t\t\t\t\t\t\t<p>Esmorzar a l&#8217;hotel.<\/p><p>Avui anirem fins al sud de la Capad\u00f2cia, a la Vall dels Coloms, el Castell d&#8217;Uchisar i l&#8217;antiga ciutat de Kaymakli. El nostre guia local ens explicar\u00e0 totes les curiositats d&#8217;aquests indrets. Ens endinsarem en la ciutat subterr\u00e0nia de Kaymakli, situada a 20 km de la ciutat de Neveshir. Es creu que fou constru\u00efda pels hitites entre els segles V i X. La seva posici\u00f3 estrat\u00e8gica la feia un bon refugi pels seus habitants durant invasions i guerres. \u00c9s la m\u00e9s ampla de les ciutats subterr\u00e0nies de la regi\u00f3 amb 9 nivells de profunditat on podien refugiar-se milers de persones durant mesos. Actualment, nom\u00e9s els 4 primers nivells s\u00f3n oberts al p\u00fablic.<\/p><p>Dinar a un restaurant local. Havent dinat, visitarem la Vall Roja, una bonica vall que rep el seu nom per les roques de color rosat que la componen. Sopar lliure i allotjament a l&#8217;hotel.<\/p>\t\t\t\t\t\t\t\t<\/div>\n\t\t\t\t<\/div>\n\t\t\t\t\t<\/div>\n\t\t\t\t<\/div>\n\t\t<div class=\"elementor-element elementor-element-3520bebb e-flex e-con-boxed e-con e-parent\" data-id=\"3520bebb\" data-element_type=\"container\" data-e-type=\"container\" data-settings=\"{&quot;jet_parallax_layout_list&quot;:[]}\">\n\t\t\t\t\t<div class=\"e-con-inner\">\n\t\t\t\t<div class=\"elementor-element elementor-element-22630156 elementor-widget elementor-widget-jet-image-accordion\" data-id=\"22630156\" data-element_type=\"widget\" data-e-type=\"widget\" data-widget_type=\"jet-image-accordion.default\">\n\t\t\t\t<div class=\"elementor-widget-container\">\n\t\t\t\t\t<div class=\"elementor-jet-image-accordion jet-tabs-addons\"><div class=\"jet-image-accordion jet-image-accordion-vertical-orientation jet-image-accordion-circ-ease\" role=\"tablist\" data-settings=\"{&quot;orientation&quot;:&quot;vertical&quot;,&quot;activeSize&quot;:{&quot;unit&quot;:&quot;%&quot;,&quot;size&quot;:50,&quot;sizes&quot;:[]},&quot;duration&quot;:500,&quot;activeItem&quot;:-1}\">\n\t<div class=\"jet-image-accordion__list\">\n<div class=\"jet-image-accordion__item title-display-mode__on_hover\" role=\"tab\" aria-selected=\"false\" tabindex=\"0\">\n<img decoding=\"async\" class=\"jet-image-accordion__image-instance\" src=\"https:\/\/i0.wp.com\/viatgesvinolas.com\/wp-content\/uploads\/2026\/09\/vall-dels-coloms-capadocia-viatge-en-grup-turquia-viatges-vinolas.jpg?fit=800%2C559&amp;ssl=1\" alt=\"vall-dels-coloms-capadocia-viatge-en-grup-turquia-viatges-vinolas\">\n\t\n\t<div class=\"jet-image-accordion__content\">\n\t\t<\/div>\n\t<div class=\"jet-image-accordion__item-loader\"><span><\/span><\/div>\n<\/div>\n<div class=\"jet-image-accordion__item title-display-mode__on_hover\" role=\"tab\" aria-selected=\"false\" tabindex=\"0\">\n<img decoding=\"async\" class=\"jet-image-accordion__image-instance\" src=\"https:\/\/i0.wp.com\/viatgesvinolas.com\/wp-content\/uploads\/2026\/09\/castell-uchisar-capadocia-viatge-en-grup-turquia-viatges-vinolas.jpg?fit=800%2C533&amp;ssl=1\" alt=\"castell-uchisar-capadocia-viatge-en-grup-turquia-viatges-vinolas\">\n\t\n\t<div class=\"jet-image-accordion__content\">\n\t\t<\/div>\n\t<div class=\"jet-image-accordion__item-loader\"><span><\/span><\/div>\n<\/div>\n<div class=\"jet-image-accordion__item title-display-mode__on_hover\" role=\"tab\" aria-selected=\"false\" tabindex=\"0\">\n<img decoding=\"async\" class=\"jet-image-accordion__image-instance\" src=\"https:\/\/i0.wp.com\/viatgesvinolas.com\/wp-content\/uploads\/2026\/09\/kaymakli-ciutat-subterrania-capadocia-viatge-en-grup-turquia-viatges-vinolas.jpg?fit=800%2C600&amp;ssl=1\" alt=\"kaymakli-ciutat-subterrania-capadocia-viatge-en-grup-turquia-viatges-vinolas\">\n\t\n\t<div class=\"jet-image-accordion__content\">\n\t\t<\/div>\n\t<div class=\"jet-image-accordion__item-loader\"><span><\/span><\/div>\n<\/div>\n<\/div>\n<\/div>\n<\/div>\t\t\t\t<\/div>\n\t\t\t\t<\/div>\n\t\t\t\t\t<\/div>\n\t\t\t\t<\/div>\n\t\t<div class=\"elementor-element elementor-element-3d63e012 e-flex e-con-boxed e-con e-parent\" data-id=\"3d63e012\" data-element_type=\"container\" data-e-type=\"container\" data-settings=\"{&quot;jet_parallax_layout_list&quot;:[]}\">\n\t\t\t\t\t<div class=\"e-con-inner\">\n\t\t\t\t<div class=\"elementor-element elementor-element-282aa1ef elementor-widget elementor-widget-heading\" data-id=\"282aa1ef\" data-element_type=\"widget\" data-e-type=\"widget\" data-widget_type=\"heading.default\">\n\t\t\t\t<div class=\"elementor-widget-container\">\n\t\t\t\t\t<p class=\"elementor-heading-title elementor-size-default\">DIMARTS 11 DE MAIG<\/p>\t\t\t\t<\/div>\n\t\t\t\t<\/div>\n\t\t\t\t<div class=\"elementor-element elementor-element-77c14368 elementor-widget elementor-widget-heading\" data-id=\"77c14368\" data-element_type=\"widget\" data-e-type=\"widget\" data-widget_type=\"heading.default\">\n\t\t\t\t<div class=\"elementor-widget-container\">\n\t\t\t\t\t<h3 class=\"elementor-heading-title elementor-size-default\">KAYSERI \u2192 ISTANBUL<\/h3>\t\t\t\t<\/div>\n\t\t\t\t<\/div>\n\t\t\t\t<div class=\"elementor-element elementor-element-877029b elementor-widget elementor-widget-text-editor\" data-id=\"877029b\" data-element_type=\"widget\" data-e-type=\"widget\" data-widget_type=\"text-editor.default\">\n\t\t\t\t<div class=\"elementor-widget-container\">\n\t\t\t\t\t\t\t\t\t<p>Esmorzar a l&#8217;hotel.<\/p><p>A l&#8217;hora acordada, trasllat cap a l&#8217;aeroport de Kayseri per agafar el vol cap a Istanbul. A l&#8217;arribada, trasllat privat a l&#8217;hotel.<\/p><p>A la tarda, de la m\u00e0 del nostre guia local, descobrirem alguns dels indrets m\u00e9s emblem\u00e0tics de la zona, comen\u00e7ant per la Pla\u00e7a Taksim, un dels principals punts de trobada de la ciutat. A continuaci\u00f3, passejarem pel fam\u00f3s carrer Istiklal, una de les avingudes m\u00e9s conegudes d&#8217;Istanbul. Continuarem fins a la Torre de G\u00e0lata, des d&#8217;on podrem gaudir de les seves vistes panor\u00e0miques.<\/p><p>Sopar lliure i allotjament a l&#8217;hotel.<\/p>\t\t\t\t\t\t\t\t<\/div>\n\t\t\t\t<\/div>\n\t\t\t\t\t<\/div>\n\t\t\t\t<\/div>\n\t\t<div class=\"elementor-element elementor-element-1ecae5a3 e-flex e-con-boxed e-con e-parent\" data-id=\"1ecae5a3\" data-element_type=\"container\" data-e-type=\"container\" data-settings=\"{&quot;jet_parallax_layout_list&quot;:[]}\">\n\t\t\t\t\t<div class=\"e-con-inner\">\n\t\t\t\t<div class=\"elementor-element elementor-element-1427ef1c elementor-widget elementor-widget-jet-image-accordion\" data-id=\"1427ef1c\" data-element_type=\"widget\" data-e-type=\"widget\" data-widget_type=\"jet-image-accordion.default\">\n\t\t\t\t<div class=\"elementor-widget-container\">\n\t\t\t\t\t<div class=\"elementor-jet-image-accordion jet-tabs-addons\"><div class=\"jet-image-accordion jet-image-accordion-vertical-orientation jet-image-accordion-circ-ease\" role=\"tablist\" data-settings=\"{&quot;orientation&quot;:&quot;vertical&quot;,&quot;activeSize&quot;:{&quot;unit&quot;:&quot;%&quot;,&quot;size&quot;:50,&quot;sizes&quot;:[]},&quot;duration&quot;:500,&quot;activeItem&quot;:-1}\">\n\t<div class=\"jet-image-accordion__list\">\n<div class=\"jet-image-accordion__item title-display-mode__on_hover\" role=\"tab\" aria-selected=\"false\" tabindex=\"0\">\n<img decoding=\"async\" class=\"jet-image-accordion__image-instance\" src=\"https:\/\/i0.wp.com\/viatgesvinolas.com\/wp-content\/uploads\/2026\/09\/carrer-istiklal-istambul-viatge-en-grup-turquia-viatges-vinolas.jpg?fit=800%2C533&amp;ssl=1\" alt=\"carrer-istiklal-istambul-viatge-en-grup-turquia-viatges-vinolas\">\n\t\n\t<div class=\"jet-image-accordion__content\">\n\t\t<\/div>\n\t<div class=\"jet-image-accordion__item-loader\"><span><\/span><\/div>\n<\/div>\n<div class=\"jet-image-accordion__item title-display-mode__on_hover\" role=\"tab\" aria-selected=\"false\" tabindex=\"0\">\n<img decoding=\"async\" class=\"jet-image-accordion__image-instance\" src=\"https:\/\/i0.wp.com\/viatgesvinolas.com\/wp-content\/uploads\/2026\/09\/vista-panoramica-istanbul-viatge-en-grup-turquia-viatges-vinolas.jpg?fit=800%2C536&amp;ssl=1\" alt=\"vista-panoramica-istanbul-viatge-en-grup-turquia-viatges-vinolas\">\n\t\n\t<div class=\"jet-image-accordion__content\">\n\t\t<\/div>\n\t<div class=\"jet-image-accordion__item-loader\"><span><\/span><\/div>\n<\/div>\n<div class=\"jet-image-accordion__item title-display-mode__on_hover\" role=\"tab\" aria-selected=\"false\" tabindex=\"0\">\n<img decoding=\"async\" class=\"jet-image-accordion__image-instance\" src=\"https:\/\/i0.wp.com\/viatgesvinolas.com\/wp-content\/uploads\/2026\/09\/torre-galata-istambul-viatge-en-grup-turquia-viatges-vinolas.jpg?fit=800%2C450&amp;ssl=1\" alt=\"torre-galata-istambul-viatge-en-grup-turquia-viatges-vinolas\">\n\t\n\t<div class=\"jet-image-accordion__content\">\n\t\t<\/div>\n\t<div class=\"jet-image-accordion__item-loader\"><span><\/span><\/div>\n<\/div>\n<\/div>\n<\/div>\n<\/div>\t\t\t\t<\/div>\n\t\t\t\t<\/div>\n\t\t\t\t\t<\/div>\n\t\t\t\t<\/div>\n\t\t<div class=\"elementor-element elementor-element-282e840e e-flex e-con-boxed e-con e-parent\" data-id=\"282e840e\" data-element_type=\"container\" data-e-type=\"container\" data-settings=\"{&quot;jet_parallax_layout_list&quot;:[]}\">\n\t\t\t\t\t<div class=\"e-con-inner\">\n\t\t\t\t<div class=\"elementor-element elementor-element-5c302515 elementor-widget elementor-widget-heading\" data-id=\"5c302515\" data-element_type=\"widget\" data-e-type=\"widget\" data-widget_type=\"heading.default\">\n\t\t\t\t<div class=\"elementor-widget-container\">\n\t\t\t\t\t<p class=\"elementor-heading-title elementor-size-default\">DIMECRES 12 DE MAIG <\/p>\t\t\t\t<\/div>\n\t\t\t\t<\/div>\n\t\t\t\t<div class=\"elementor-element elementor-element-744519db elementor-widget elementor-widget-heading\" data-id=\"744519db\" data-element_type=\"widget\" data-e-type=\"widget\" data-widget_type=\"heading.default\">\n\t\t\t\t<div class=\"elementor-widget-container\">\n\t\t\t\t\t<h3 class=\"elementor-heading-title elementor-size-default\">HAGIA SOPHIA, MESQUITA BLAVA &amp; GRAN BASAR<\/h3>\t\t\t\t<\/div>\n\t\t\t\t<\/div>\n\t\t\t\t<div class=\"elementor-element elementor-element-7b0fca60 elementor-widget__width-initial elementor-widget elementor-widget-text-editor\" data-id=\"7b0fca60\" data-element_type=\"widget\" data-e-type=\"widget\" data-widget_type=\"text-editor.default\">\n\t\t\t\t<div class=\"elementor-widget-container\">\n\t\t\t\t\t\t\t\t\t<p>Esmorzar a l\u2019hotel.<\/p><p>Acompanyants del nostre guia local, coneixerem alguns dels monuments m\u00e9s representatius de la ciutat, com la Hagia Sophia, la Mesquita Blava, l\u2019Hip\u00f2drom i el Gran Basar.<\/p><p>Comen\u00e7arem al districte de Sultanahmet, al cor de la ciutat, amb la visita de la Hagia Sophia. Constru\u00efda al segle VI per ordre de l\u2019Emperador Rom\u00e0 d\u2019Orient Justini\u00e0 I i dissenyada per Antemi de Tral\u00b7les, aquesta esgl\u00e9sia (convertida en mesquita l\u2019any 1.453) \u00e9s considerada una de les grans meravelles de l\u2019arquitectura. La seva enorme c\u00fapula domina l\u2019horitz\u00f3 de la ciutat antiga d\u2019Istanbul. S\u00f3n molt coneguts els seus mosaics, entre els quals destaquen alguns retrats d\u2019emperadors i emperadrius, com tamb\u00e9 la impressionant pintura \u00abLa Verge i el Nen\u00bb.<\/p><p>Seguirem amb la Mesquita Blava. El seu nom deriva de les exquisides rajoles blaves que adornen el seu interior. Constru\u00efda durant el segle XVII per enc\u00e0rrec del Sult\u00e0 Ahmet I i dissenyada per un deixeble de Sinan (l\u2019arquitecte otom\u00e0 m\u00e9s destacat), \u00e9s l\u2019\u00fanica mesquita imperial amb sis minarets. Dinar a un restaurant local.<\/p><p>Havent dinat, visitarem l\u2019Hip\u00f2drom, un estadi de l\u2019\u00e8poca bizantina amb capacitat per a 100.000 espectadors. Est\u00e0 decorat amb objectes de tots els racons de l\u2019imperi, com un obelisc egipci i una escultura de bronze amb tres serps entrella\u00e7ades.<\/p><p>Continuarem amb la Cisterna Bas\u00edlica, un impressionant dip\u00f2sit subterrani rom\u00e0 amb 336 columnes de marbre i els seus enigm\u00e0tics caps de Medusa. Passejarem pel Basar, antigament el cor comercial de la ciutat, que compta avui dia amb uns 4.000 punts de venda plens de grans tresors com catifes, kilims, seda, joies, porcellana i articles de pell. Sopar lliure i allotjament a l\u2019hotel.<\/p>\t\t\t\t\t\t\t\t<\/div>\n\t\t\t\t<\/div>\n\t\t\t\t\t<\/div>\n\t\t\t\t<\/div>\n\t\t<div class=\"elementor-element elementor-element-40ee77bd e-flex e-con-boxed e-con e-parent\" data-id=\"40ee77bd\" data-element_type=\"container\" data-e-type=\"container\" data-settings=\"{&quot;jet_parallax_layout_list&quot;:[]}\">\n\t\t\t\t\t<div class=\"e-con-inner\">\n\t\t\t\t<div class=\"elementor-element elementor-element-78c2c3c4 elementor-widget elementor-widget-jet-image-accordion\" data-id=\"78c2c3c4\" data-element_type=\"widget\" data-e-type=\"widget\" data-widget_type=\"jet-image-accordion.default\">\n\t\t\t\t<div class=\"elementor-widget-container\">\n\t\t\t\t\t<div class=\"elementor-jet-image-accordion jet-tabs-addons\"><div class=\"jet-image-accordion jet-image-accordion-vertical-orientation jet-image-accordion-circ-ease\" role=\"tablist\" data-settings=\"{&quot;orientation&quot;:&quot;vertical&quot;,&quot;activeSize&quot;:{&quot;unit&quot;:&quot;%&quot;,&quot;size&quot;:50,&quot;sizes&quot;:[]},&quot;duration&quot;:500,&quot;activeItem&quot;:-1}\">\n\t<div class=\"jet-image-accordion__list\">\n<div class=\"jet-image-accordion__item title-display-mode__on_hover\" role=\"tab\" aria-selected=\"false\" tabindex=\"0\">\n<img decoding=\"async\" class=\"jet-image-accordion__image-instance\" src=\"https:\/\/i0.wp.com\/viatgesvinolas.com\/wp-content\/uploads\/2026\/09\/hagia-sofia-viatge-en-grup-turquia-viatges-vinolas.jpg?fit=800%2C533&amp;ssl=1\" alt=\"hagia-sofia-viatge-en-grup-turquia-viatges-vinolas\">\n\t\n\t<div class=\"jet-image-accordion__content\">\n\t\t<\/div>\n\t<div class=\"jet-image-accordion__item-loader\"><span><\/span><\/div>\n<\/div>\n<div class=\"jet-image-accordion__item title-display-mode__on_hover\" role=\"tab\" aria-selected=\"false\" tabindex=\"0\">\n<img decoding=\"async\" class=\"jet-image-accordion__image-instance\" src=\"https:\/\/i0.wp.com\/viatgesvinolas.com\/wp-content\/uploads\/2026\/09\/cisterna-basilica-istanbul-viatge-en-grup-turquia-viatges-vinolas.jpg?fit=800%2C600&amp;ssl=1\" alt=\"cisterna-basilica-istanbul-viatge-en-grup-turquia-viatges-vinolas\">\n\t\n\t<div class=\"jet-image-accordion__content\">\n\t\t<\/div>\n\t<div class=\"jet-image-accordion__item-loader\"><span><\/span><\/div>\n<\/div>\n<div class=\"jet-image-accordion__item title-display-mode__on_hover\" role=\"tab\" aria-selected=\"false\" tabindex=\"0\">\n<img decoding=\"async\" class=\"jet-image-accordion__image-instance\" src=\"https:\/\/i0.wp.com\/viatgesvinolas.com\/wp-content\/uploads\/2026\/09\/mesquita-blava-istanbul-viatge-en-grup-turquia-viatges-vinolas.jpg?fit=800%2C533&amp;ssl=1\" alt=\"mesquita-blava-istanbul-viatge-en-grup-turquia-viatges-vinolas\">\n\t\n\t<div class=\"jet-image-accordion__content\">\n\t\t<\/div>\n\t<div class=\"jet-image-accordion__item-loader\"><span><\/span><\/div>\n<\/div>\n<\/div>\n<\/div>\n<\/div>\t\t\t\t<\/div>\n\t\t\t\t<\/div>\n\t\t\t\t\t<\/div>\n\t\t\t\t<\/div>\n\t\t<div class=\"elementor-element elementor-element-7483e009 e-flex e-con-boxed e-con e-parent\" data-id=\"7483e009\" data-element_type=\"container\" data-e-type=\"container\" data-settings=\"{&quot;jet_parallax_layout_list&quot;:[]}\">\n\t\t\t\t\t<div class=\"e-con-inner\">\n\t\t\t\t<div class=\"elementor-element elementor-element-25826065 elementor-widget elementor-widget-heading\" data-id=\"25826065\" data-element_type=\"widget\" data-e-type=\"widget\" data-widget_type=\"heading.default\">\n\t\t\t\t<div class=\"elementor-widget-container\">\n\t\t\t\t\t<p class=\"elementor-heading-title elementor-size-default\">DIJOUS 13 DE MAIG<\/p>\t\t\t\t<\/div>\n\t\t\t\t<\/div>\n\t\t\t\t<div class=\"elementor-element elementor-element-5d772264 elementor-widget elementor-widget-heading\" data-id=\"5d772264\" data-element_type=\"widget\" data-e-type=\"widget\" data-widget_type=\"heading.default\">\n\t\t\t\t<div class=\"elementor-widget-container\">\n\t\t\t\t\t<h3 class=\"elementor-heading-title elementor-size-default\">CREUER PEL B\u00d2SFOR &amp; PALAU TOPKAPI<\/h3>\t\t\t\t<\/div>\n\t\t\t\t<\/div>\n\t\t\t\t<div class=\"elementor-element elementor-element-1352d1ce elementor-widget elementor-widget-text-editor\" data-id=\"1352d1ce\" data-element_type=\"widget\" data-e-type=\"widget\" data-widget_type=\"text-editor.default\">\n\t\t\t\t<div class=\"elementor-widget-container\">\n\t\t\t\t\t\t\t\t\t<p>Esmorzar a l\u2019hotel.<\/p><p>El nostre guia local ens acompanyar\u00e0 a fer una breu visita al Basar de les Esp\u00e8cies, una de les atraccions m\u00e9s animades i acolorides de la ciutat.<\/p><p>A continuaci\u00f3, ens embarcarem en un inoblidable creuer pel B\u00f2sfor, el majestu\u00f3s estret que travessa Istanbul i separa Europa i l\u2019\u00c0sia. Podrem gaudir d\u2019una meravellosa panor\u00e0mica d\u2019ambdues ribes del B\u00f2sfor cobertes d\u2019arbres, del pont que en el seu moment fou el m\u00e9s llarg del m\u00f3n i la fortalesa Rumeli Hisari (constru\u00efda en menys de tres mesos per Mehmet el Conqueridor mentre es preparava per a la conquesta de Constantinoble). Tamb\u00e9 s\u00f3n remarcables les mansions del segle XIX de la classe alta otomana, els palaus sorgits de la fantasia dels sultans i els seus gabinets de ca\u00e7a.<\/p><p>Dinar a un restaurant local.<\/p><p>Per acabar el dia, ens dirigirem al Palau Topkapi, resid\u00e8ncia dels sultans otomans entre els segles XV i XIX. Visitarem el Tresor Imperial i el Quiosc de Bagdad. Actualment, el Palau Topkapi \u00e9s un museu i allotja fascinants col\u00b7leccions de joies, com per exemple el diamant Spoonmaker, el tercer m\u00e9s gran del m\u00f3n. Tamb\u00e9 compta amb nombrosos vestits i objectes cer\u00e0mics otomans, entre els quals destaca una de les millors col\u00b7leccions de cer\u00e0mica xinesa del m\u00f3n, les peces de la qual devien ser regals de dirigents estrangers. Com a curiositat, es diu que algunes de les peces de cer\u00e0mica canvien de color en pres\u00e8ncia de ver\u00ed. Tamb\u00e9 visitarem l\u2019Arsenal Imperial, que compta amb armament otom\u00e0 de diverses \u00e8poques. Per\u00f2 potser el m\u00e9s destacat del Palau Topkapi s\u00f3n els seus patis amb arbres longeus, on podrem imaginar-nos als sultans passejant allunyats de les preocupacions de l\u2019estat i l\u2019imperi.<\/p><p>Sopar lliure i allotjament a l\u2019hotel.<\/p>\t\t\t\t\t\t\t\t<\/div>\n\t\t\t\t<\/div>\n\t\t\t\t\t<\/div>\n\t\t\t\t<\/div>\n\t\t<div class=\"elementor-element elementor-element-2c0cb1c4 e-flex e-con-boxed e-con e-parent\" data-id=\"2c0cb1c4\" data-element_type=\"container\" data-e-type=\"container\" data-settings=\"{&quot;jet_parallax_layout_list&quot;:[]}\">\n\t\t\t\t\t<div class=\"e-con-inner\">\n\t\t\t\t<div class=\"elementor-element elementor-element-12b86516 elementor-widget elementor-widget-jet-image-accordion\" data-id=\"12b86516\" data-element_type=\"widget\" data-e-type=\"widget\" data-widget_type=\"jet-image-accordion.default\">\n\t\t\t\t<div class=\"elementor-widget-container\">\n\t\t\t\t\t<div class=\"elementor-jet-image-accordion jet-tabs-addons\"><div class=\"jet-image-accordion jet-image-accordion-vertical-orientation jet-image-accordion-circ-ease\" role=\"tablist\" data-settings=\"{&quot;orientation&quot;:&quot;vertical&quot;,&quot;activeSize&quot;:{&quot;unit&quot;:&quot;%&quot;,&quot;size&quot;:50,&quot;sizes&quot;:[]},&quot;duration&quot;:500,&quot;activeItem&quot;:-1}\">\n\t<div class=\"jet-image-accordion__list\">\n<div class=\"jet-image-accordion__item title-display-mode__on_hover\" role=\"tab\" aria-selected=\"false\" tabindex=\"0\">\n<img decoding=\"async\" class=\"jet-image-accordion__image-instance\" src=\"https:\/\/i0.wp.com\/viatgesvinolas.com\/wp-content\/uploads\/2026\/09\/creuer-bosfor-istanbul-viatge-en-grup-turquia-viatges-vinolas.jpg?fit=800%2C532&amp;ssl=1\" alt=\"creuer-bosfor-istanbul-viatge-en-grup-turquia-viatges-vinolas\">\n\t\n\t<div class=\"jet-image-accordion__content\">\n\t\t<\/div>\n\t<div class=\"jet-image-accordion__item-loader\"><span><\/span><\/div>\n<\/div>\n<div class=\"jet-image-accordion__item title-display-mode__on_hover\" role=\"tab\" aria-selected=\"false\" tabindex=\"0\">\n<img decoding=\"async\" class=\"jet-image-accordion__image-instance\" src=\"https:\/\/i0.wp.com\/viatgesvinolas.com\/wp-content\/uploads\/2026\/09\/basar-especies-istanbul-viatge-en-grup-turquia-viatges-vinolas.jpg?fit=750%2C500&amp;ssl=1\" alt=\"basar-especies-istanbul-viatge-en-grup-turquia-viatges-vinolas\">\n\t\n\t<div class=\"jet-image-accordion__content\">\n\t\t<\/div>\n\t<div class=\"jet-image-accordion__item-loader\"><span><\/span><\/div>\n<\/div>\n<div class=\"jet-image-accordion__item title-display-mode__on_hover\" role=\"tab\" aria-selected=\"false\" tabindex=\"0\">\n<img decoding=\"async\" class=\"jet-image-accordion__image-instance\" src=\"https:\/\/i0.wp.com\/viatgesvinolas.com\/wp-content\/uploads\/2026\/09\/interior-detall-palau-topkapi-viatge-en-grup-turquia-viatges-vinolas.jpg?fit=750%2C500&amp;ssl=1\" alt=\"interior-detall-palau-topkapi-viatge-en-grup-turquia-viatges-vinolas\">\n\t\n\t<div class=\"jet-image-accordion__content\">\n\t\t<\/div>\n\t<div class=\"jet-image-accordion__item-loader\"><span><\/span><\/div>\n<\/div>\n<\/div>\n<\/div>\n<\/div>\t\t\t\t<\/div>\n\t\t\t\t<\/div>\n\t\t\t\t\t<\/div>\n\t\t\t\t<\/div>\n\t\t<div class=\"elementor-element elementor-element-3bc51dc e-flex e-con-boxed e-con e-parent\" data-id=\"3bc51dc\" data-element_type=\"container\" data-e-type=\"container\" data-settings=\"{&quot;jet_parallax_layout_list&quot;:[]}\">\n\t\t\t\t\t<div class=\"e-con-inner\">\n\t\t\t\t<div class=\"elementor-element elementor-element-45e27ab elementor-widget elementor-widget-heading\" data-id=\"45e27ab\" data-element_type=\"widget\" data-e-type=\"widget\" data-widget_type=\"heading.default\">\n\t\t\t\t<div class=\"elementor-widget-container\">\n\t\t\t\t\t<p class=\"elementor-heading-title elementor-size-default\">DIVENDRES 14 DE MAIG<\/p>\t\t\t\t<\/div>\n\t\t\t\t<\/div>\n\t\t\t\t<div class=\"elementor-element elementor-element-1f5907c elementor-widget elementor-widget-heading\" data-id=\"1f5907c\" data-element_type=\"widget\" data-e-type=\"widget\" data-widget_type=\"heading.default\">\n\t\t\t\t<div class=\"elementor-widget-container\">\n\t\t\t\t\t<h3 class=\"elementor-heading-title elementor-size-default\">MESQUITA SULEYMANIYE, FENER, BALAT &amp; PIERRE LOTI\n<\/h3>\t\t\t\t<\/div>\n\t\t\t\t<\/div>\n\t\t\t\t<div class=\"elementor-element elementor-element-3f0b49e elementor-widget elementor-widget-text-editor\" data-id=\"3f0b49e\" data-element_type=\"widget\" data-e-type=\"widget\" data-widget_type=\"text-editor.default\">\n\t\t\t\t<div class=\"elementor-widget-container\">\n\t\t\t\t\t\t\t\t\t<p>Esmorzar a l&#8217;hotel.<\/p><p>Comen\u00e7arem el dia amb el nostre guia local visitant la mesquita de S\u00fcleymaniye, una de les obres mestres de l&#8217;arquitectura otomana. El monument forma part de les \u00ab\u00e0rees hist\u00f2riques d&#8217;Istanbul\u00bb, protegides oficialment per la UNESCO.<\/p><p>Continuarem amb l\u2019espl\u00e8ndida vista sobre la Banya d\u2019Or que tindrem des del tur\u00f3 que va inspirar al poeta franc\u00e8s Pierre Loti. Seguint la riba de la Banya d\u2019Or passarem per Fener i Balat, antics assentaments grecs i jueus, on se situa el Patriarcat Ortodox de Fener. Acabarem el mat\u00ed travessant el pont de la Banya d\u2019Or.<\/p><p>Visitarem l&#8217;esgl\u00e9sia b\u00falgara de Sant Esteve, m\u00e9s coneguda com l&#8217;esgl\u00e9sia de Ferro, un dels temples m\u00e9s singulars del m\u00f3n. La seva particularitat \u00e9s que est\u00e0 constru\u00efda \u00edntegrament amb ferro colat i \u00e9s l&#8217;\u00fanica esgl\u00e9sia ortodoxa d&#8217;aquestes caracter\u00edstiques que es conserva actualment a tot el m\u00f3n.<\/p><p>Acabarem amb la Mesquita d&#8217;Ey\u00fcp Sultan, considerada el centre espiritual m\u00e9s sagrat d&#8217;Istanbul i un dels punts de pelegrinatge m\u00e9s importants de tot el m\u00f3n isl\u00e0mic.<\/p><p>Sopar lliure i allotjament a l\u2019hotel.<\/p>\t\t\t\t\t\t\t\t<\/div>\n\t\t\t\t<\/div>\n\t\t\t\t\t<\/div>\n\t\t\t\t<\/div>\n\t\t<div class=\"elementor-element elementor-element-02eba97 e-flex e-con-boxed e-con e-parent\" data-id=\"02eba97\" data-element_type=\"container\" data-e-type=\"container\" data-settings=\"{&quot;jet_parallax_layout_list&quot;:[]}\">\n\t\t\t\t\t<div class=\"e-con-inner\">\n\t\t\t\t<div class=\"elementor-element elementor-element-f84c102 elementor-widget elementor-widget-jet-image-accordion\" data-id=\"f84c102\" data-element_type=\"widget\" data-e-type=\"widget\" data-widget_type=\"jet-image-accordion.default\">\n\t\t\t\t<div class=\"elementor-widget-container\">\n\t\t\t\t\t<div class=\"elementor-jet-image-accordion jet-tabs-addons\"><div class=\"jet-image-accordion jet-image-accordion-vertical-orientation jet-image-accordion-circ-ease\" role=\"tablist\" data-settings=\"{&quot;orientation&quot;:&quot;vertical&quot;,&quot;activeSize&quot;:{&quot;unit&quot;:&quot;%&quot;,&quot;size&quot;:50,&quot;sizes&quot;:[]},&quot;duration&quot;:500,&quot;activeItem&quot;:-1}\">\n\t<div class=\"jet-image-accordion__list\">\n<div class=\"jet-image-accordion__item title-display-mode__on_hover\" role=\"tab\" aria-selected=\"false\" tabindex=\"0\">\n<img decoding=\"async\" class=\"jet-image-accordion__image-instance\" src=\"https:\/\/i0.wp.com\/viatgesvinolas.com\/wp-content\/uploads\/2026\/09\/mesquita-suleymaniye-istanbul-viatge-en-grup-turquia-viatges-vinolas.jpg?fit=750%2C500&amp;ssl=1\" alt=\"mesquita-suleymaniye-istanbul-viatge-en-grup-turquia-viatges-vinolas\">\n\t\n\t<div class=\"jet-image-accordion__content\">\n\t\t<\/div>\n\t<div class=\"jet-image-accordion__item-loader\"><span><\/span><\/div>\n<\/div>\n<div class=\"jet-image-accordion__item title-display-mode__on_hover\" role=\"tab\" aria-selected=\"false\" tabindex=\"0\">\n<img decoding=\"async\" class=\"jet-image-accordion__image-instance\" src=\"https:\/\/i0.wp.com\/viatgesvinolas.com\/wp-content\/uploads\/2026\/09\/esglesia-sant-esteve-istanbul-viatge-en-grup-turquia-viatges-vinolas.jpg?fit=800%2C533&amp;ssl=1\" alt=\"esglesia-sant-esteve-istanbul-viatge-en-grup-turquia-viatges-vinolas\">\n\t\n\t<div class=\"jet-image-accordion__content\">\n\t\t<\/div>\n\t<div class=\"jet-image-accordion__item-loader\"><span><\/span><\/div>\n<\/div>\n<div class=\"jet-image-accordion__item title-display-mode__on_hover\" role=\"tab\" aria-selected=\"false\" tabindex=\"0\">\n<img decoding=\"async\" class=\"jet-image-accordion__image-instance\" src=\"https:\/\/i0.wp.com\/viatgesvinolas.com\/wp-content\/uploads\/2026\/09\/carrer-fenet-balat-istanbul-viatge-en-grup-turquia-viatges-vinolas.jpg?fit=750%2C595&amp;ssl=1\" alt=\"carrer-fenet-balat-istanbul-viatge-en-grup-turquia-viatges-vinolas\">\n\t\n\t<div class=\"jet-image-accordion__content\">\n\t\t<\/div>\n\t<div class=\"jet-image-accordion__item-loader\"><span><\/span><\/div>\n<\/div>\n<\/div>\n<\/div>\n<\/div>\t\t\t\t<\/div>\n\t\t\t\t<\/div>\n\t\t\t\t\t<\/div>\n\t\t\t\t<\/div>\n\t\t<div class=\"elementor-element elementor-element-5da4fbc e-flex e-con-boxed e-con e-parent\" data-id=\"5da4fbc\" data-element_type=\"container\" data-e-type=\"container\" data-settings=\"{&quot;jet_parallax_layout_list&quot;:[]}\">\n\t\t\t\t\t<div class=\"e-con-inner\">\n\t\t\t\t<div class=\"elementor-element elementor-element-d832e91 elementor-widget elementor-widget-heading\" data-id=\"d832e91\" data-element_type=\"widget\" data-e-type=\"widget\" data-widget_type=\"heading.default\">\n\t\t\t\t<div class=\"elementor-widget-container\">\n\t\t\t\t\t<p class=\"elementor-heading-title elementor-size-default\">DISSABTE 15 DE MAIG<\/p>\t\t\t\t<\/div>\n\t\t\t\t<\/div>\n\t\t\t\t<div class=\"elementor-element elementor-element-43717cf elementor-widget elementor-widget-heading\" data-id=\"43717cf\" data-element_type=\"widget\" data-e-type=\"widget\" data-widget_type=\"heading.default\">\n\t\t\t\t<div class=\"elementor-widget-container\">\n\t\t\t\t\t<h3 class=\"elementor-heading-title elementor-size-default\">DIA LLIURE A ISTANBUL\n<\/h3>\t\t\t\t<\/div>\n\t\t\t\t<\/div>\n\t\t\t\t<div class=\"elementor-element elementor-element-f8b4df5 elementor-widget elementor-widget-text-editor\" data-id=\"f8b4df5\" data-element_type=\"widget\" data-e-type=\"widget\" data-widget_type=\"text-editor.default\">\n\t\t\t\t<div class=\"elementor-widget-container\">\n\t\t\t\t\t\t\t\t\t<p>Esmorzar a l&#8217;hotel.<\/p><p>Avui disposarem del dia lliure per explorar la ciutat d&#8217;Istanbul al nostre aire o amb el nostre guia acompanyant. Podrem rec\u00f3rrer tots aquells racons que ens hagin quedat pendents, o simplement passejar sense presses.<\/p><p>Dinar i sopar lliure, i allotjament a l\u2019hotel.<\/p>\t\t\t\t\t\t\t\t<\/div>\n\t\t\t\t<\/div>\n\t\t\t\t\t<\/div>\n\t\t\t\t<\/div>\n\t\t<div class=\"elementor-element elementor-element-de6df94 e-flex e-con-boxed e-con e-parent\" data-id=\"de6df94\" data-element_type=\"container\" data-e-type=\"container\" data-settings=\"{&quot;jet_parallax_layout_list&quot;:[]}\">\n\t\t\t\t\t<div class=\"e-con-inner\">\n\t\t\t\t<div class=\"elementor-element elementor-element-b0acf67 elementor-widget elementor-widget-jet-image-accordion\" data-id=\"b0acf67\" data-element_type=\"widget\" data-e-type=\"widget\" data-widget_type=\"jet-image-accordion.default\">\n\t\t\t\t<div class=\"elementor-widget-container\">\n\t\t\t\t\t<div class=\"elementor-jet-image-accordion jet-tabs-addons\"><div class=\"jet-image-accordion jet-image-accordion-vertical-orientation jet-image-accordion-circ-ease\" role=\"tablist\" data-settings=\"{&quot;orientation&quot;:&quot;vertical&quot;,&quot;activeSize&quot;:{&quot;unit&quot;:&quot;%&quot;,&quot;size&quot;:50,&quot;sizes&quot;:[]},&quot;duration&quot;:500,&quot;activeItem&quot;:-1}\">\n\t<div class=\"jet-image-accordion__list\">\n<div class=\"jet-image-accordion__item title-display-mode__on_hover\" role=\"tab\" aria-selected=\"false\" tabindex=\"0\">\n<img decoding=\"async\" class=\"jet-image-accordion__image-instance\" src=\"https:\/\/i0.wp.com\/viatgesvinolas.com\/wp-content\/uploads\/2026\/09\/tranvia-istanbul-viatge-en-grup-turquia-viatges-vinolas.jpg?fit=800%2C533&amp;ssl=1\" alt=\"tranvia-istanbul-viatge-en-grup-turquia-viatges-vinolas\">\n\t\n\t<div class=\"jet-image-accordion__content\">\n\t\t<\/div>\n\t<div class=\"jet-image-accordion__item-loader\"><span><\/span><\/div>\n<\/div>\n<div class=\"jet-image-accordion__item title-display-mode__on_hover\" role=\"tab\" aria-selected=\"false\" tabindex=\"0\">\n<img decoding=\"async\" class=\"jet-image-accordion__image-instance\" src=\"https:\/\/i0.wp.com\/viatgesvinolas.com\/wp-content\/uploads\/2026\/09\/carrer-colorit-istanbul-viatge-en-grup-turquia-viatges-vinolas.jpg?fit=750%2C562&amp;ssl=1\" alt=\"carrer-colorit-istanbul-viatge-en-grup-turquia-viatges-vinolas\">\n\t\n\t<div class=\"jet-image-accordion__content\">\n\t\t<\/div>\n\t<div class=\"jet-image-accordion__item-loader\"><span><\/span><\/div>\n<\/div>\n<div class=\"jet-image-accordion__item title-display-mode__on_hover\" role=\"tab\" aria-selected=\"false\" tabindex=\"0\">\n<img decoding=\"async\" class=\"jet-image-accordion__image-instance\" src=\"https:\/\/i0.wp.com\/viatgesvinolas.com\/wp-content\/uploads\/2026\/09\/carrer-istanbul-viatge-en-grup-turquia-viatges-vinolas.jpg?fit=800%2C533&amp;ssl=1\" alt=\"carrer-istanbul-viatge-en-grup-turquia-viatges-vinolas\">\n\t\n\t<div class=\"jet-image-accordion__content\">\n\t\t<\/div>\n\t<div class=\"jet-image-accordion__item-loader\"><span><\/span><\/div>\n<\/div>\n<\/div>\n<\/div>\n<\/div>\t\t\t\t<\/div>\n\t\t\t\t<\/div>\n\t\t\t\t\t<\/div>\n\t\t\t\t<\/div>\n\t\t<div class=\"elementor-element elementor-element-2d739ff e-flex e-con-boxed e-con e-parent\" data-id=\"2d739ff\" data-element_type=\"container\" data-e-type=\"container\" data-settings=\"{&quot;jet_parallax_layout_list&quot;:[]}\">\n\t\t\t\t\t<div class=\"e-con-inner\">\n\t\t\t\t<div class=\"elementor-element elementor-element-ec4d511 elementor-widget elementor-widget-heading\" data-id=\"ec4d511\" data-element_type=\"widget\" data-e-type=\"widget\" data-widget_type=\"heading.default\">\n\t\t\t\t<div class=\"elementor-widget-container\">\n\t\t\t\t\t<p class=\"elementor-heading-title elementor-size-default\">DIUMENGE 16 DE MAIG<\/p>\t\t\t\t<\/div>\n\t\t\t\t<\/div>\n\t\t\t\t<div class=\"elementor-element elementor-element-cb92f67 elementor-widget elementor-widget-heading\" data-id=\"cb92f67\" data-element_type=\"widget\" data-e-type=\"widget\" data-widget_type=\"heading.default\">\n\t\t\t\t<div class=\"elementor-widget-container\">\n\t\t\t\t\t<h3 class=\"elementor-heading-title elementor-size-default\">ISTANBUL \u2192 BARCELONA<\/h3>\t\t\t\t<\/div>\n\t\t\t\t<\/div>\n\t\t\t\t<div class=\"elementor-element elementor-element-c1d4592 elementor-widget elementor-widget-text-editor\" data-id=\"c1d4592\" data-element_type=\"widget\" data-e-type=\"widget\" data-widget_type=\"text-editor.default\">\n\t\t\t\t<div class=\"elementor-widget-container\">\n\t\t\t\t\t\t\t\t\t<p>Esmorzar a l&#8217;hotel.<\/p><p>Durant el mat\u00ed deixarem l&#8217;equipatge preparat i disposarem de les \u00faltimes hores lliures a la ciutat. A l&#8217;hora acordada, ens trobarem de nou per dinar a un restaurant local.<\/p><p>Havent dinat, trasllat a l&#8217;aeroport d&#8217;Istanbul. Sortida del vol de tornada a les 20.30h, amb arribada a Barcelona 23.20h.<\/p>\t\t\t\t\t\t\t\t<\/div>\n\t\t\t\t<\/div>\n\t\t\t\t\t<\/div>\n\t\t\t\t<\/div>\n\t\t<div class=\"elementor-element elementor-element-40579b20 e-flex e-con-boxed e-con e-parent\" data-id=\"40579b20\" data-element_type=\"container\" data-e-type=\"container\" data-settings=\"{&quot;jet_parallax_layout_list&quot;:[]}\">\n\t\t\t\t\t<div class=\"e-con-inner\">\n\t\t<div class=\"elementor-element elementor-element-105b4926 e-con-full e-flex e-con e-child\" data-id=\"105b4926\" data-element_type=\"container\" data-e-type=\"container\" data-settings=\"{&quot;jet_parallax_layout_list&quot;:[{&quot;jet_parallax_layout_image&quot;:{&quot;url&quot;:&quot;&quot;,&quot;id&quot;:&quot;&quot;,&quot;size&quot;:&quot;&quot;},&quot;_id&quot;:&quot;b6ab971&quot;,&quot;jet_parallax_layout_image_tablet&quot;:{&quot;url&quot;:&quot;&quot;,&quot;id&quot;:&quot;&quot;,&quot;size&quot;:&quot;&quot;},&quot;jet_parallax_layout_image_mobile&quot;:{&quot;url&quot;:&quot;&quot;,&quot;id&quot;:&quot;&quot;,&quot;size&quot;:&quot;&quot;},&quot;jet_parallax_layout_speed&quot;:{&quot;unit&quot;:&quot;%&quot;,&quot;size&quot;:50,&quot;sizes&quot;:[]},&quot;jet_parallax_layout_type&quot;:&quot;scroll&quot;,&quot;jet_parallax_layout_direction&quot;:&quot;1&quot;,&quot;jet_parallax_layout_fx_direction&quot;:null,&quot;jet_parallax_layout_z_index&quot;:&quot;&quot;,&quot;jet_parallax_layout_bg_x&quot;:50,&quot;jet_parallax_layout_bg_x_tablet&quot;:&quot;&quot;,&quot;jet_parallax_layout_bg_x_mobile&quot;:&quot;&quot;,&quot;jet_parallax_layout_bg_y&quot;:50,&quot;jet_parallax_layout_bg_y_tablet&quot;:&quot;&quot;,&quot;jet_parallax_layout_bg_y_mobile&quot;:&quot;&quot;,&quot;jet_parallax_layout_bg_size&quot;:&quot;auto&quot;,&quot;jet_parallax_layout_bg_size_tablet&quot;:&quot;&quot;,&quot;jet_parallax_layout_bg_size_mobile&quot;:&quot;&quot;,&quot;jet_parallax_layout_animation_prop&quot;:&quot;transform&quot;,&quot;jet_parallax_layout_on&quot;:[&quot;desktop&quot;,&quot;tablet&quot;]}],&quot;background_background&quot;:&quot;classic&quot;}\">\n\t\t\t\t<div class=\"elementor-element elementor-element-7571206b elementor-widget elementor-widget-text-editor\" data-id=\"7571206b\" data-element_type=\"widget\" data-e-type=\"widget\" data-widget_type=\"text-editor.default\">\n\t\t\t\t<div class=\"elementor-widget-container\">\n\t\t\t\t\t\t\t\t\t<p>Preu compartint habitaci\u00f3 doble:<\/p>\t\t\t\t\t\t\t\t<\/div>\n\t\t\t\t<\/div>\n\t\t\t\t<div class=\"elementor-element elementor-element-10477370 elementor-widget elementor-widget-text-editor\" data-id=\"10477370\" data-element_type=\"widget\" data-e-type=\"widget\" data-widget_type=\"text-editor.default\">\n\t\t\t\t<div class=\"elementor-widget-container\">\n\t\t\t\t\t\t\t\t\t<p>3.350 \u20ac<\/p>\t\t\t\t\t\t\t\t<\/div>\n\t\t\t\t<\/div>\n\t\t\t\t<div class=\"elementor-element elementor-element-2a8d540b elementor-widget elementor-widget-text-editor\" data-id=\"2a8d540b\" data-element_type=\"widget\" data-e-type=\"widget\" data-widget_type=\"text-editor.default\">\n\t\t\t\t<div class=\"elementor-widget-container\">\n\t\t\t\t\t\t\t\t\t<p>Preu per persona en habitaci\u00f3 individual:<\/p>\t\t\t\t\t\t\t\t<\/div>\n\t\t\t\t<\/div>\n\t\t\t\t<div class=\"elementor-element elementor-element-507f394d elementor-widget elementor-widget-text-editor\" data-id=\"507f394d\" data-element_type=\"widget\" data-e-type=\"widget\" data-widget_type=\"text-editor.default\">\n\t\t\t\t<div class=\"elementor-widget-container\">\n\t\t\t\t\t\t\t\t\t<p>3.950 \u20ac<\/p>\t\t\t\t\t\t\t\t<\/div>\n\t\t\t\t<\/div>\n\t\t\t\t<div class=\"elementor-element elementor-element-4b96cc9f elementor-widget elementor-widget-text-editor\" data-id=\"4b96cc9f\" data-element_type=\"widget\" data-e-type=\"widget\" data-widget_type=\"text-editor.default\">\n\t\t\t\t<div class=\"elementor-widget-container\">\n\t\t\t\t\t\t\t\t\t<p>Viatge en globus a la Capad\u00f2cia:<\/p>\t\t\t\t\t\t\t\t<\/div>\n\t\t\t\t<\/div>\n\t\t\t\t<div class=\"elementor-element elementor-element-180588e6 elementor-widget elementor-widget-text-editor\" data-id=\"180588e6\" data-element_type=\"widget\" data-e-type=\"widget\" data-widget_type=\"text-editor.default\">\n\t\t\t\t<div class=\"elementor-widget-container\">\n\t\t\t\t\t\t\t\t\t<p><span style=\"letter-spacing: 0px;\">275 \u20ac\u00a0<\/span><\/p>\t\t\t\t\t\t\t\t<\/div>\n\t\t\t\t<\/div>\n\t\t\t\t<\/div>\n\t\t<div class=\"elementor-element elementor-element-64e8c04d e-con-full e-flex e-con e-child\" data-id=\"64e8c04d\" data-element_type=\"container\" data-e-type=\"container\" data-settings=\"{&quot;jet_parallax_layout_list&quot;:[{&quot;jet_parallax_layout_image&quot;:{&quot;url&quot;:&quot;&quot;,&quot;id&quot;:&quot;&quot;,&quot;size&quot;:&quot;&quot;},&quot;_id&quot;:&quot;b6ab971&quot;,&quot;jet_parallax_layout_image_tablet&quot;:{&quot;url&quot;:&quot;&quot;,&quot;id&quot;:&quot;&quot;,&quot;size&quot;:&quot;&quot;},&quot;jet_parallax_layout_image_mobile&quot;:{&quot;url&quot;:&quot;&quot;,&quot;id&quot;:&quot;&quot;,&quot;size&quot;:&quot;&quot;},&quot;jet_parallax_layout_speed&quot;:{&quot;unit&quot;:&quot;%&quot;,&quot;size&quot;:50,&quot;sizes&quot;:[]},&quot;jet_parallax_layout_type&quot;:&quot;scroll&quot;,&quot;jet_parallax_layout_direction&quot;:&quot;1&quot;,&quot;jet_parallax_layout_fx_direction&quot;:null,&quot;jet_parallax_layout_z_index&quot;:&quot;&quot;,&quot;jet_parallax_layout_bg_x&quot;:50,&quot;jet_parallax_layout_bg_x_tablet&quot;:&quot;&quot;,&quot;jet_parallax_layout_bg_x_mobile&quot;:&quot;&quot;,&quot;jet_parallax_layout_bg_y&quot;:50,&quot;jet_parallax_layout_bg_y_tablet&quot;:&quot;&quot;,&quot;jet_parallax_layout_bg_y_mobile&quot;:&quot;&quot;,&quot;jet_parallax_layout_bg_size&quot;:&quot;auto&quot;,&quot;jet_parallax_layout_bg_size_tablet&quot;:&quot;&quot;,&quot;jet_parallax_layout_bg_size_mobile&quot;:&quot;&quot;,&quot;jet_parallax_layout_animation_prop&quot;:&quot;transform&quot;,&quot;jet_parallax_layout_on&quot;:[&quot;desktop&quot;,&quot;tablet&quot;]}],&quot;background_background&quot;:&quot;classic&quot;}\">\n\t\t\t\t<div class=\"elementor-element elementor-element-e6011aa elementor-widget elementor-widget-text-editor\" data-id=\"e6011aa\" data-element_type=\"widget\" data-e-type=\"widget\" data-widget_type=\"text-editor.default\">\n\t\t\t\t<div class=\"elementor-widget-container\">\n\t\t\t\t\t\t\t\t\t<p>El preu inclou:<\/p>\t\t\t\t\t\t\t\t<\/div>\n\t\t\t\t<\/div>\n\t\t\t\t<div class=\"elementor-element elementor-element-63ae75d2 elementor-icon-list--layout-traditional elementor-list-item-link-full_width elementor-widget elementor-widget-icon-list\" data-id=\"63ae75d2\" data-element_type=\"widget\" data-e-type=\"widget\" data-widget_type=\"icon-list.default\">\n\t\t\t\t<div class=\"elementor-widget-container\">\n\t\t\t\t\t\t\t<ul class=\"elementor-icon-list-items\">\n\t\t\t\t\t\t\t<li class=\"elementor-icon-list-item\">\n\t\t\t\t\t\t\t\t\t\t\t<span class=\"elementor-icon-list-icon\">\n\t\t\t\t\t\t\t<svg aria-hidden=\"true\" class=\"e-font-icon-svg e-fas-check\" viewBox=\"0 0 512 512\" xmlns=\"http:\/\/www.w3.org\/2000\/svg\"><path d=\"M173.898 439.404l-166.4-166.4c-9.997-9.997-9.997-26.206 0-36.204l36.203-36.204c9.997-9.998 26.207-9.998 36.204 0L192 312.69 432.095 72.596c9.997-9.997 26.207-9.997 36.204 0l36.203 36.204c9.997 9.997 9.997 26.206 0 36.204l-294.4 294.401c-9.998 9.997-26.207 9.997-36.204-.001z\"><\/path><\/svg>\t\t\t\t\t\t<\/span>\n\t\t\t\t\t\t\t\t\t\t<span class=\"elementor-icon-list-text\">Trasllats amb autocar a l\u2019aeroport de Barcelona des de diferents punts d\u2019origen. Per sortides des de Manresa o Tortosa, consultar a les corresponents oficines.<\/span>\n\t\t\t\t\t\t\t\t\t<\/li>\n\t\t\t\t\t\t\t\t<li class=\"elementor-icon-list-item\">\n\t\t\t\t\t\t\t\t\t\t\t<span class=\"elementor-icon-list-icon\">\n\t\t\t\t\t\t\t<svg aria-hidden=\"true\" class=\"e-font-icon-svg e-fas-check\" viewBox=\"0 0 512 512\" xmlns=\"http:\/\/www.w3.org\/2000\/svg\"><path d=\"M173.898 439.404l-166.4-166.4c-9.997-9.997-9.997-26.206 0-36.204l36.203-36.204c9.997-9.998 26.207-9.998 36.204 0L192 312.69 432.095 72.596c9.997-9.997 26.207-9.997 36.204 0l36.203 36.204c9.997 9.997 9.997 26.206 0 36.204l-294.4 294.401c-9.998 9.997-26.207 9.997-36.204-.001z\"><\/path><\/svg>\t\t\t\t\t\t<\/span>\n\t\t\t\t\t\t\t\t\t\t<span class=\"elementor-icon-list-text\">Bitllets d'avi\u00f3 amb Turkish Airlines en classe turista, amb una maleta facturada.<\/span>\n\t\t\t\t\t\t\t\t\t<\/li>\n\t\t\t\t\t\t\t\t<li class=\"elementor-icon-list-item\">\n\t\t\t\t\t\t\t\t\t\t\t<span class=\"elementor-icon-list-icon\">\n\t\t\t\t\t\t\t<svg aria-hidden=\"true\" class=\"e-font-icon-svg e-fas-check\" viewBox=\"0 0 512 512\" xmlns=\"http:\/\/www.w3.org\/2000\/svg\"><path d=\"M173.898 439.404l-166.4-166.4c-9.997-9.997-9.997-26.206 0-36.204l36.203-36.204c9.997-9.998 26.207-9.998 36.204 0L192 312.69 432.095 72.596c9.997-9.997 26.207-9.997 36.204 0l36.203 36.204c9.997 9.997 9.997 26.206 0 36.204l-294.4 294.401c-9.998 9.997-26.207 9.997-36.204-.001z\"><\/path><\/svg>\t\t\t\t\t\t<\/span>\n\t\t\t\t\t\t\t\t\t\t<span class=\"elementor-icon-list-text\">Taxes a\u00e8ries valorades en 253\u20ac a dia 13 d'agost de 2026.<\/span>\n\t\t\t\t\t\t\t\t\t<\/li>\n\t\t\t\t\t\t\t\t<li class=\"elementor-icon-list-item\">\n\t\t\t\t\t\t\t\t\t\t\t<span class=\"elementor-icon-list-icon\">\n\t\t\t\t\t\t\t<svg aria-hidden=\"true\" class=\"e-font-icon-svg e-fas-check\" viewBox=\"0 0 512 512\" xmlns=\"http:\/\/www.w3.org\/2000\/svg\"><path d=\"M173.898 439.404l-166.4-166.4c-9.997-9.997-9.997-26.206 0-36.204l36.203-36.204c9.997-9.998 26.207-9.998 36.204 0L192 312.69 432.095 72.596c9.997-9.997 26.207-9.997 36.204 0l36.203 36.204c9.997 9.997 9.997 26.206 0 36.204l-294.4 294.401c-9.998 9.997-26.207 9.997-36.204-.001z\"><\/path><\/svg>\t\t\t\t\t\t<\/span>\n\t\t\t\t\t\t\t\t\t\t<span class=\"elementor-icon-list-text\">3 nits d'allotjament a Capad\u00f2cia a hotel 5*.<\/span>\n\t\t\t\t\t\t\t\t\t<\/li>\n\t\t\t\t\t\t\t\t<li class=\"elementor-icon-list-item\">\n\t\t\t\t\t\t\t\t\t\t\t<span class=\"elementor-icon-list-icon\">\n\t\t\t\t\t\t\t<svg aria-hidden=\"true\" class=\"e-font-icon-svg e-fas-check\" viewBox=\"0 0 512 512\" xmlns=\"http:\/\/www.w3.org\/2000\/svg\"><path d=\"M173.898 439.404l-166.4-166.4c-9.997-9.997-9.997-26.206 0-36.204l36.203-36.204c9.997-9.998 26.207-9.998 36.204 0L192 312.69 432.095 72.596c9.997-9.997 26.207-9.997 36.204 0l36.203 36.204c9.997 9.997 9.997 26.206 0 36.204l-294.4 294.401c-9.998 9.997-26.207 9.997-36.204-.001z\"><\/path><\/svg>\t\t\t\t\t\t<\/span>\n\t\t\t\t\t\t\t\t\t\t<span class=\"elementor-icon-list-text\">5 nits d'allotjament a Istanbul a hotel 4*.<\/span>\n\t\t\t\t\t\t\t\t\t<\/li>\n\t\t\t\t\t\t\t\t<li class=\"elementor-icon-list-item\">\n\t\t\t\t\t\t\t\t\t\t\t<span class=\"elementor-icon-list-icon\">\n\t\t\t\t\t\t\t<svg aria-hidden=\"true\" class=\"e-font-icon-svg e-fas-check\" viewBox=\"0 0 512 512\" xmlns=\"http:\/\/www.w3.org\/2000\/svg\"><path d=\"M173.898 439.404l-166.4-166.4c-9.997-9.997-9.997-26.206 0-36.204l36.203-36.204c9.997-9.998 26.207-9.998 36.204 0L192 312.69 432.095 72.596c9.997-9.997 26.207-9.997 36.204 0l36.203 36.204c9.997 9.997 9.997 26.206 0 36.204l-294.4 294.401c-9.998 9.997-26.207 9.997-36.204-.001z\"><\/path><\/svg>\t\t\t\t\t\t<\/span>\n\t\t\t\t\t\t\t\t\t\t<span class=\"elementor-icon-list-text\">Esmorzars a tots els hotels. <\/span>\n\t\t\t\t\t\t\t\t\t<\/li>\n\t\t\t\t\t\t\t\t<li class=\"elementor-icon-list-item\">\n\t\t\t\t\t\t\t\t\t\t\t<span class=\"elementor-icon-list-icon\">\n\t\t\t\t\t\t\t<svg aria-hidden=\"true\" class=\"e-font-icon-svg e-fas-check\" viewBox=\"0 0 512 512\" xmlns=\"http:\/\/www.w3.org\/2000\/svg\"><path d=\"M173.898 439.404l-166.4-166.4c-9.997-9.997-9.997-26.206 0-36.204l36.203-36.204c9.997-9.998 26.207-9.998 36.204 0L192 312.69 432.095 72.596c9.997-9.997 26.207-9.997 36.204 0l36.203 36.204c9.997 9.997 9.997 26.206 0 36.204l-294.4 294.401c-9.998 9.997-26.207 9.997-36.204-.001z\"><\/path><\/svg>\t\t\t\t\t\t<\/span>\n\t\t\t\t\t\t\t\t\t\t<span class=\"elementor-icon-list-text\">6 dinars en restaurants locals i un sopar a l'hotel.<\/span>\n\t\t\t\t\t\t\t\t\t<\/li>\n\t\t\t\t\t\t\t\t<li class=\"elementor-icon-list-item\">\n\t\t\t\t\t\t\t\t\t\t\t<span class=\"elementor-icon-list-icon\">\n\t\t\t\t\t\t\t<svg aria-hidden=\"true\" class=\"e-font-icon-svg e-fas-check\" viewBox=\"0 0 512 512\" xmlns=\"http:\/\/www.w3.org\/2000\/svg\"><path d=\"M173.898 439.404l-166.4-166.4c-9.997-9.997-9.997-26.206 0-36.204l36.203-36.204c9.997-9.998 26.207-9.998 36.204 0L192 312.69 432.095 72.596c9.997-9.997 26.207-9.997 36.204 0l36.203 36.204c9.997 9.997 9.997 26.206 0 36.204l-294.4 294.401c-9.998 9.997-26.207 9.997-36.204-.001z\"><\/path><\/svg>\t\t\t\t\t\t<\/span>\n\t\t\t\t\t\t\t\t\t\t<span class=\"elementor-icon-list-text\">Excursions i visites segons itinerari, amb transport privat durant tot el circuit. <\/span>\n\t\t\t\t\t\t\t\t\t<\/li>\n\t\t\t\t\t\t\t\t<li class=\"elementor-icon-list-item\">\n\t\t\t\t\t\t\t\t\t\t\t<span class=\"elementor-icon-list-icon\">\n\t\t\t\t\t\t\t<svg aria-hidden=\"true\" class=\"e-font-icon-svg e-fas-check\" viewBox=\"0 0 512 512\" xmlns=\"http:\/\/www.w3.org\/2000\/svg\"><path d=\"M173.898 439.404l-166.4-166.4c-9.997-9.997-9.997-26.206 0-36.204l36.203-36.204c9.997-9.998 26.207-9.998 36.204 0L192 312.69 432.095 72.596c9.997-9.997 26.207-9.997 36.204 0l36.203 36.204c9.997 9.997 9.997 26.206 0 36.204l-294.4 294.401c-9.998 9.997-26.207 9.997-36.204-.001z\"><\/path><\/svg>\t\t\t\t\t\t<\/span>\n\t\t\t\t\t\t\t\t\t\t<span class=\"elementor-icon-list-text\">Guia local de parla castellana durant tot el circuit. <\/span>\n\t\t\t\t\t\t\t\t\t<\/li>\n\t\t\t\t\t\t\t\t<li class=\"elementor-icon-list-item\">\n\t\t\t\t\t\t\t\t\t\t\t<span class=\"elementor-icon-list-icon\">\n\t\t\t\t\t\t\t<svg aria-hidden=\"true\" class=\"e-font-icon-svg e-fas-check\" viewBox=\"0 0 512 512\" xmlns=\"http:\/\/www.w3.org\/2000\/svg\"><path d=\"M173.898 439.404l-166.4-166.4c-9.997-9.997-9.997-26.206 0-36.204l36.203-36.204c9.997-9.998 26.207-9.998 36.204 0L192 312.69 432.095 72.596c9.997-9.997 26.207-9.997 36.204 0l36.203 36.204c9.997 9.997 9.997 26.206 0 36.204l-294.4 294.401c-9.998 9.997-26.207 9.997-36.204-.001z\"><\/path><\/svg>\t\t\t\t\t\t<\/span>\n\t\t\t\t\t\t\t\t\t\t<span class=\"elementor-icon-list-text\">Guia acompanyant de Viatges Vi\u00f1olas. <\/span>\n\t\t\t\t\t\t\t\t\t<\/li>\n\t\t\t\t\t\t\t\t<li class=\"elementor-icon-list-item\">\n\t\t\t\t\t\t\t\t\t\t\t<span class=\"elementor-icon-list-icon\">\n\t\t\t\t\t\t\t<svg aria-hidden=\"true\" class=\"e-font-icon-svg e-fas-check\" viewBox=\"0 0 512 512\" xmlns=\"http:\/\/www.w3.org\/2000\/svg\"><path d=\"M173.898 439.404l-166.4-166.4c-9.997-9.997-9.997-26.206 0-36.204l36.203-36.204c9.997-9.998 26.207-9.998 36.204 0L192 312.69 432.095 72.596c9.997-9.997 26.207-9.997 36.204 0l36.203 36.204c9.997 9.997 9.997 26.206 0 36.204l-294.4 294.401c-9.998 9.997-26.207 9.997-36.204-.001z\"><\/path><\/svg>\t\t\t\t\t\t<\/span>\n\t\t\t\t\t\t\t\t\t\t<span class=\"elementor-icon-list-text\">Asseguran\u00e7a de viatge i cancel\u00b7laci\u00f3 AON TOP C.<\/span>\n\t\t\t\t\t\t\t\t\t<\/li>\n\t\t\t\t\t\t<\/ul>\n\t\t\t\t\t\t<\/div>\n\t\t\t\t<\/div>\n\t\t\t\t<div class=\"elementor-element elementor-element-717effa8 elementor-widget elementor-widget-spacer\" data-id=\"717effa8\" data-element_type=\"widget\" data-e-type=\"widget\" data-widget_type=\"spacer.default\">\n\t\t\t\t<div class=\"elementor-widget-container\">\n\t\t\t\t\t\t\t<div class=\"elementor-spacer\">\n\t\t\t<div class=\"elementor-spacer-inner\"><\/div>\n\t\t<\/div>\n\t\t\t\t\t\t<\/div>\n\t\t\t\t<\/div>\n\t\t\t\t<div class=\"elementor-element elementor-element-3694a3ff elementor-widget elementor-widget-text-editor\" data-id=\"3694a3ff\" data-element_type=\"widget\" data-e-type=\"widget\" data-widget_type=\"text-editor.default\">\n\t\t\t\t<div class=\"elementor-widget-container\">\n\t\t\t\t\t\t\t\t\t<p>El preu no inclou:<\/p>\t\t\t\t\t\t\t\t<\/div>\n\t\t\t\t<\/div>\n\t\t\t\t<div class=\"elementor-element elementor-element-26bbbe14 elementor-icon-list--layout-traditional elementor-list-item-link-full_width elementor-widget elementor-widget-icon-list\" data-id=\"26bbbe14\" data-element_type=\"widget\" data-e-type=\"widget\" data-widget_type=\"icon-list.default\">\n\t\t\t\t<div class=\"elementor-widget-container\">\n\t\t\t\t\t\t\t<ul class=\"elementor-icon-list-items\">\n\t\t\t\t\t\t\t<li class=\"elementor-icon-list-item\">\n\t\t\t\t\t\t\t\t\t\t\t<span class=\"elementor-icon-list-icon\">\n\t\t\t\t\t\t\t<svg aria-hidden=\"true\" class=\"e-font-icon-svg e-fas-times\" viewBox=\"0 0 352 512\" xmlns=\"http:\/\/www.w3.org\/2000\/svg\"><path d=\"M242.72 256l100.07-100.07c12.28-12.28 12.28-32.19 0-44.48l-22.24-22.24c-12.28-12.28-32.19-12.28-44.48 0L176 189.28 75.93 89.21c-12.28-12.28-32.19-12.28-44.48 0L9.21 111.45c-12.28 12.28-12.28 32.19 0 44.48L109.28 256 9.21 356.07c-12.28 12.28-12.28 32.19 0 44.48l22.24 22.24c12.28 12.28 32.2 12.28 44.48 0L176 322.72l100.07 100.07c12.28 12.28 32.2 12.28 44.48 0l22.24-22.24c12.28-12.28 12.28-32.19 0-44.48L242.72 256z\"><\/path><\/svg>\t\t\t\t\t\t<\/span>\n\t\t\t\t\t\t\t\t\t\t<span class=\"elementor-icon-list-text\">Extres personals.<\/span>\n\t\t\t\t\t\t\t\t\t<\/li>\n\t\t\t\t\t\t\t\t<li class=\"elementor-icon-list-item\">\n\t\t\t\t\t\t\t\t\t\t\t<span class=\"elementor-icon-list-icon\">\n\t\t\t\t\t\t\t<svg aria-hidden=\"true\" class=\"e-font-icon-svg e-fas-times\" viewBox=\"0 0 352 512\" xmlns=\"http:\/\/www.w3.org\/2000\/svg\"><path d=\"M242.72 256l100.07-100.07c12.28-12.28 12.28-32.19 0-44.48l-22.24-22.24c-12.28-12.28-32.19-12.28-44.48 0L176 189.28 75.93 89.21c-12.28-12.28-32.19-12.28-44.48 0L9.21 111.45c-12.28 12.28-12.28 32.19 0 44.48L109.28 256 9.21 356.07c-12.28 12.28-12.28 32.19 0 44.48l22.24 22.24c12.28 12.28 32.2 12.28 44.48 0L176 322.72l100.07 100.07c12.28 12.28 32.2 12.28 44.48 0l22.24-22.24c12.28-12.28 12.28-32.19 0-44.48L242.72 256z\"><\/path><\/svg>\t\t\t\t\t\t<\/span>\n\t\t\t\t\t\t\t\t\t\t<span class=\"elementor-icon-list-text\">Qualsevol concepte no indicat a l'apartat anterior. <\/span>\n\t\t\t\t\t\t\t\t\t<\/li>\n\t\t\t\t\t\t<\/ul>\n\t\t\t\t\t\t<\/div>\n\t\t\t\t<\/div>\n\t\t\t\t<\/div>\n\t\t\t\t\t<\/div>\n\t\t\t\t<\/div>\n\t\t<div class=\"elementor-element elementor-element-4c1b5388 e-flex e-con-boxed e-con e-parent\" data-id=\"4c1b5388\" data-element_type=\"container\" data-e-type=\"container\" data-settings=\"{&quot;jet_parallax_layout_list&quot;:[{&quot;jet_parallax_layout_image&quot;:{&quot;url&quot;:&quot;&quot;,&quot;id&quot;:&quot;&quot;,&quot;size&quot;:&quot;&quot;},&quot;_id&quot;:&quot;7708ecf&quot;,&quot;jet_parallax_layout_image_tablet&quot;:{&quot;url&quot;:&quot;&quot;,&quot;id&quot;:&quot;&quot;,&quot;size&quot;:&quot;&quot;},&quot;jet_parallax_layout_image_mobile&quot;:{&quot;url&quot;:&quot;&quot;,&quot;id&quot;:&quot;&quot;,&quot;size&quot;:&quot;&quot;},&quot;jet_parallax_layout_speed&quot;:{&quot;unit&quot;:&quot;%&quot;,&quot;size&quot;:50,&quot;sizes&quot;:[]},&quot;jet_parallax_layout_type&quot;:&quot;scroll&quot;,&quot;jet_parallax_layout_direction&quot;:&quot;1&quot;,&quot;jet_parallax_layout_fx_direction&quot;:null,&quot;jet_parallax_layout_z_index&quot;:&quot;&quot;,&quot;jet_parallax_layout_bg_x&quot;:50,&quot;jet_parallax_layout_bg_x_tablet&quot;:&quot;&quot;,&quot;jet_parallax_layout_bg_x_mobile&quot;:&quot;&quot;,&quot;jet_parallax_layout_bg_y&quot;:50,&quot;jet_parallax_layout_bg_y_tablet&quot;:&quot;&quot;,&quot;jet_parallax_layout_bg_y_mobile&quot;:&quot;&quot;,&quot;jet_parallax_layout_bg_size&quot;:&quot;auto&quot;,&quot;jet_parallax_layout_bg_size_tablet&quot;:&quot;&quot;,&quot;jet_parallax_layout_bg_size_mobile&quot;:&quot;&quot;,&quot;jet_parallax_layout_animation_prop&quot;:&quot;transform&quot;,&quot;jet_parallax_layout_on&quot;:[&quot;desktop&quot;,&quot;tablet&quot;]}],&quot;background_background&quot;:&quot;classic&quot;}\">\n\t\t\t\t\t<div class=\"e-con-inner\">\n\t\t<div class=\"elementor-element elementor-element-4c651085 e-con-full e-flex e-con e-child\" data-id=\"4c651085\" data-element_type=\"container\" data-e-type=\"container\" data-settings=\"{&quot;jet_parallax_layout_list&quot;:[]}\">\n\t\t\t\t<div class=\"elementor-element elementor-element-565b04bc elementor-widget elementor-widget-spacer\" data-id=\"565b04bc\" data-element_type=\"widget\" data-e-type=\"widget\" data-widget_type=\"spacer.default\">\n\t\t\t\t<div class=\"elementor-widget-container\">\n\t\t\t\t\t\t\t<div class=\"elementor-spacer\">\n\t\t\t<div class=\"elementor-spacer-inner\"><\/div>\n\t\t<\/div>\n\t\t\t\t\t\t<\/div>\n\t\t\t\t<\/div>\n\t\t\t\t<div class=\"elementor-element elementor-element-6d441635 elementor-widget elementor-widget-heading\" data-id=\"6d441635\" data-element_type=\"widget\" data-e-type=\"widget\" data-widget_type=\"heading.default\">\n\t\t\t\t<div class=\"elementor-widget-container\">\n\t\t\t\t\t<h2 class=\"elementor-heading-title elementor-size-default\">Mapa de ruta<\/h2>\t\t\t\t<\/div>\n\t\t\t\t<\/div>\n\t\t\t\t<div class=\"elementor-element elementor-element-69e602d0 elementor-widget elementor-widget-spacer\" data-id=\"69e602d0\" data-element_type=\"widget\" data-e-type=\"widget\" data-widget_type=\"spacer.default\">\n\t\t\t\t<div class=\"elementor-widget-container\">\n\t\t\t\t\t\t\t<div class=\"elementor-spacer\">\n\t\t\t<div class=\"elementor-spacer-inner\"><\/div>\n\t\t<\/div>\n\t\t\t\t\t\t<\/div>\n\t\t\t\t<\/div>\n\t\t\t\t<div class=\"elementor-element elementor-element-11e5486a elementor-widget elementor-widget-html\" data-id=\"11e5486a\" data-element_type=\"widget\" data-e-type=\"widget\" data-widget_type=\"html.default\">\n\t\t\t\t<div class=\"elementor-widget-container\">\n\t\t\t\t\t<iframe src=\"https:\/\/www.google.com\/maps\/d\/u\/1\/embed?mid=1QHurSdReMgqAHUMCLYJWJg-88_eEaog&ehbc=2E312F\" width=\"640\" height=\"480\"><\/iframe>\t\t\t\t<\/div>\n\t\t\t\t<\/div>\n\t\t\t\t<\/div>\n\t\t\t\t\t<\/div>\n\t\t\t\t<\/div>\n\t\t<div class=\"elementor-element elementor-element-5fa8bfb7 e-flex e-con-boxed e-con e-parent\" data-id=\"5fa8bfb7\" data-element_type=\"container\" data-e-type=\"container\" data-settings=\"{&quot;jet_parallax_layout_list&quot;:[],&quot;background_background&quot;:&quot;classic&quot;}\">\n\t\t\t\t\t<div class=\"e-con-inner\">\n\t\t<div class=\"elementor-element elementor-element-4ade72d4 e-con-full e-flex e-con e-child\" data-id=\"4ade72d4\" data-element_type=\"container\" data-e-type=\"container\" data-settings=\"{&quot;jet_parallax_layout_list&quot;:[]}\">\n\t\t\t\t<div class=\"elementor-element elementor-element-a9b6efb elementor-widget elementor-widget-heading\" data-id=\"a9b6efb\" data-element_type=\"widget\" data-e-type=\"widget\" data-widget_type=\"heading.default\">\n\t\t\t\t<div class=\"elementor-widget-container\">\n\t\t\t\t\t<h2 class=\"elementor-heading-title elementor-size-default\">Contacta'ns<\/h2>\t\t\t\t<\/div>\n\t\t\t\t<\/div>\n\t\t\t\t<div class=\"elementor-element elementor-element-66841fdc elementor-widget elementor-widget-text-editor\" data-id=\"66841fdc\" data-element_type=\"widget\" data-e-type=\"widget\" data-widget_type=\"text-editor.default\">\n\t\t\t\t<div class=\"elementor-widget-container\">\n\t\t\t\t\t\t\t\t\t<p>No dubtis a contactar-nos si vols m\u00e9s informaci\u00f3 sobre aquest viatge o qualsevol de les nostres propostes de viatges organitzats.&nbsp;<\/p><p>La majoria dels nostres viatges en grup inclouen la sortida o trasllat des de les nostres oficines i altres poblacions properes; i guia acompanyant durant tot el viatge.<\/p><p><br><\/p>\t\t\t\t\t\t\t\t<\/div>\n\t\t\t\t<\/div>\n\t\t\t\t<\/div>\n\t\t<div class=\"elementor-element elementor-element-59db95d4 e-con-full e-flex e-con e-child\" data-id=\"59db95d4\" data-element_type=\"container\" data-e-type=\"container\" data-settings=\"{&quot;jet_parallax_layout_list&quot;:[]}\">\n\t\t\t\t<div class=\"elementor-element elementor-element-7c6a5869 elementor-widget elementor-widget-heading\" data-id=\"7c6a5869\" data-element_type=\"widget\" data-e-type=\"widget\" data-widget_type=\"heading.default\">\n\t\t\t\t<div class=\"elementor-widget-container\">\n\t\t\t\t\t<h2 class=\"elementor-heading-title elementor-size-default\">Formulari<\/h2>\t\t\t\t<\/div>\n\t\t\t\t<\/div>\n\t\t\t\t<div class=\"elementor-element elementor-element-187a4fe0 elementor-widget elementor-widget-global elementor-global-36621 elementor-widget-contact-form-7\" data-id=\"187a4fe0\" data-element_type=\"widget\" data-e-type=\"widget\" data-widget_type=\"contact-form-7.default\">\n\t\t\t\t<div class=\"elementor-widget-container\">\n\t\t\t\t\t<div class=\"elementor-contact-form-7 jet-elements\">\n<div class=\"wpcf7 no-js\" id=\"wpcf7-f35878-o1\" lang=\"es-ES\" dir=\"ltr\" data-wpcf7-id=\"35878\">\n<div class=\"screen-reader-response\"><p role=\"status\" aria-live=\"polite\" aria-atomic=\"true\"><\/p> <ul><\/ul><\/div>\n<form action=\"\/en\/wp-json\/wp\/v2\/pages\/48020#wpcf7-f35878-o1\" method=\"post\" class=\"wpcf7-form init\" aria-label=\"Formulario de contacto\" novalidate=\"novalidate\" data-status=\"init\">\n<fieldset class=\"hidden-fields-container\"><input type=\"hidden\" name=\"_wpcf7\" value=\"35878\" \/><input type=\"hidden\" name=\"_wpcf7_version\" value=\"6.1.7\" \/><input type=\"hidden\" name=\"_wpcf7_locale\" value=\"es_ES\" \/><input type=\"hidden\" name=\"_wpcf7_unit_tag\" value=\"wpcf7-f35878-o1\" \/><input type=\"hidden\" name=\"_wpcf7_container_post\" value=\"0\" \/><input type=\"hidden\" name=\"_wpcf7_posted_data_hash\" value=\"\" \/><input type=\"hidden\" name=\"_wpcf7_recaptcha_response\" value=\"\" \/>\n<\/fieldset>\n<p><label> Nom i cognoms<br \/>\n<span class=\"wpcf7-form-control-wrap\" data-name=\"your-name\"><input size=\"40\" maxlength=\"400\" class=\"wpcf7-form-control wpcf7-text wpcf7-validates-as-required\" aria-required=\"true\" aria-invalid=\"false\" value=\"\" type=\"text\" name=\"your-name\" \/><\/span> <\/label>\n<\/p>\n<p><label> Tel\u00e8fon de contacte<br \/>\n<span class=\"wpcf7-form-control-wrap\" data-name=\"tel-634\"><input size=\"40\" maxlength=\"400\" class=\"wpcf7-form-control wpcf7-tel wpcf7-text wpcf7-validates-as-tel\" aria-invalid=\"false\" value=\"\" type=\"tel\" name=\"tel-634\" \/><\/span> <\/label>\n<\/p>\n<p><label> Correu electr\u00f2nic<br \/>\n<span class=\"wpcf7-form-control-wrap\" data-name=\"your-email\"><input size=\"40\" maxlength=\"400\" class=\"wpcf7-form-control wpcf7-email wpcf7-validates-as-required wpcf7-text wpcf7-validates-as-email\" aria-required=\"true\" aria-invalid=\"false\" value=\"\" type=\"email\" name=\"your-email\" \/><\/span> <\/label>\n<\/p>\n<p><label> Per quina de les nostres oficines vols ser at\u00e8s?<br \/>\n<span class=\"wpcf7-form-control-wrap\" data-name=\"menu-252\"><select class=\"wpcf7-form-control wpcf7-select wpcf7-validates-as-required\" aria-required=\"true\" aria-invalid=\"false\" name=\"menu-252\"><option value=\"\">&#8212;Por favor, elige una opci\u00f3n&#8212;<\/option><option value=\"Figueres\">Figueres<\/option><option value=\"Girona\">Girona<\/option><option value=\"Manresa\">Manresa<\/option><option value=\"Olot\">Olot<\/option><option value=\"Torroella de Montgr\u00ed\">Torroella de Montgr\u00ed<\/option><option value=\"Tortosa\">Tortosa<\/option><option value=\"Roses\">Roses<\/option><option value=\"Experi\u00e8ncies ElNacional.cat\">Experi\u00e8ncies ElNacional.cat<\/option><option value=\"Vi\u00f1olas Incoming Services\">Vi\u00f1olas Incoming Services<\/option><\/select><\/span> <\/label>\n<\/p>\n<p><label> Assumpte<br \/>\n<span class=\"wpcf7-form-control-wrap\" data-name=\"your-subject\"><input size=\"40\" maxlength=\"400\" class=\"wpcf7-form-control wpcf7-text wpcf7-validates-as-required\" aria-required=\"true\" aria-invalid=\"false\" value=\"\" type=\"text\" name=\"your-subject\" \/><\/span> <\/label>\n<\/p>\n<p><label> El teu missatge (opcional)<br \/>\n<span class=\"wpcf7-form-control-wrap\" data-name=\"your-message\"><textarea cols=\"40\" rows=\"10\" maxlength=\"2000\" class=\"wpcf7-form-control wpcf7-textarea\" aria-invalid=\"false\" name=\"your-message\"><\/textarea><\/span> <\/label>\n<\/p>\n<p><input class=\"wpcf7-form-control wpcf7-submit has-spinner\" type=\"submit\" value=\"Enviar\" \/>\n<\/p><p style=\"display: none !important;\" class=\"akismet-fields-container\" data-prefix=\"_wpcf7_ak_\"><label>&#916;<textarea name=\"_wpcf7_ak_hp_textarea\" cols=\"45\" rows=\"8\" maxlength=\"100\"><\/textarea><\/label><input type=\"hidden\" id=\"ak_js_1\" name=\"_wpcf7_ak_js\" value=\"57\"\/><script>\ndocument.getElementById( \"ak_js_1\" ).setAttribute( \"value\", ( new Date() ).getTime() );\n<\/script>\n<\/p><div class=\"wpcf7-response-output\" aria-hidden=\"true\"><\/div>\n<\/form>\n<\/div>\n<\/div>\t\t\t\t<\/div>\n\t\t\t\t<\/div>\n\t\t\t\t<\/div>\n\t\t\t\t\t<\/div>\n\t\t\t\t<\/div>\n\t\t<div class=\"elementor-element elementor-element-5edcd5f1 e-flex e-con-boxed e-con e-parent\" data-id=\"5edcd5f1\" data-element_type=\"container\" data-e-type=\"container\" data-settings=\"{&quot;jet_parallax_layout_list&quot;:[]}\">\n\t\t\t\t\t<div class=\"e-con-inner\">\n\t\t\t\t<div class=\"elementor-element elementor-element-c54dd48 elementor-widget elementor-widget-heading\" data-id=\"c54dd48\" data-element_type=\"widget\" data-e-type=\"widget\" data-widget_type=\"heading.default\">\n\t\t\t\t<div class=\"elementor-widget-container\">\n\t\t\t\t\t<h2 class=\"elementor-heading-title elementor-size-default\">Els viatges en grup de Viatges Vi\u00f1olas<\/h2>\t\t\t\t<\/div>\n\t\t\t\t<\/div>\n\t\t\t\t<div class=\"elementor-element elementor-element-191b87ec elementor-widget-divider--view-line elementor-widget elementor-widget-divider\" data-id=\"191b87ec\" data-element_type=\"widget\" data-e-type=\"widget\" data-widget_type=\"divider.default\">\n\t\t\t\t<div class=\"elementor-widget-container\">\n\t\t\t\t\t\t\t<div class=\"elementor-divider\">\n\t\t\t<span class=\"elementor-divider-separator\">\n\t\t\t\t\t\t<\/span>\n\t\t<\/div>\n\t\t\t\t\t\t<\/div>\n\t\t\t\t<\/div>\n\t\t<div class=\"elementor-element elementor-element-3c600d99 e-con-full e-flex e-con e-child\" data-id=\"3c600d99\" data-element_type=\"container\" data-e-type=\"container\" data-settings=\"{&quot;jet_parallax_layout_list&quot;:[]}\">\n\t\t<div class=\"elementor-element elementor-element-4f52b4b e-con-full e-flex e-con e-child\" data-id=\"4f52b4b\" data-element_type=\"container\" data-e-type=\"container\" data-settings=\"{&quot;jet_parallax_layout_list&quot;:[]}\">\n\t\t\t\t<div class=\"elementor-element elementor-element-3dc44a91 elementor--h-position-center elementor--v-position-middle elementor-arrows-position-inside elementor-pagination-position-inside elementor-widget elementor-widget-global elementor-global-10040 elementor-widget-slides\" data-id=\"3dc44a91\" data-element_type=\"widget\" data-e-type=\"widget\" data-settings=\"{&quot;navigation&quot;:&quot;both&quot;,&quot;autoplay&quot;:&quot;yes&quot;,&quot;pause_on_hover&quot;:&quot;yes&quot;,&quot;pause_on_interaction&quot;:&quot;yes&quot;,&quot;autoplay_speed&quot;:5000,&quot;infinite&quot;:&quot;yes&quot;,&quot;transition&quot;:&quot;slide&quot;,&quot;transition_speed&quot;:500}\" data-widget_type=\"slides.default\">\n\t\t\t\t<div class=\"elementor-widget-container\">\n\t\t\t\t\t\t\t\t\t<div class=\"elementor-swiper\">\n\t\t\t\t\t<div class=\"elementor-slides-wrapper elementor-main-swiper swiper\" role=\"region\" aria-roledescription=\"carousel\" aria-label=\"Diapositivas\" dir=\"ltr\" data-animation=\"\">\n\t\t\t\t<div class=\"swiper-wrapper elementor-slides\">\n\t\t\t\t\t\t\t\t\t\t<div class=\"elementor-repeater-item-8d3f82f swiper-slide\" role=\"group\" aria-roledescription=\"slide\"><div class=\"swiper-slide-bg\" role=\"img\" aria-label=\"yunnan-camps-viatge-en-grup-china-viatges-vinolas\"><\/div><div class=\"elementor-background-overlay\"><\/div><div class=\"swiper-slide-inner\" ><div class=\"swiper-slide-contents\"><div class=\"elementor-slide-heading\">YUNNAN, XINA<\/div><div class=\"elementor-slide-description\">Del 6 al 20 de novembre del 2026<br>\n5.200\u20ac<\/div><a href=\"https:\/\/viatgesvinolas.com\/viatges-en-grup\/viatge-en-grup-a-yunnan-xina\/\" class=\"elementor-button elementor-slide-button elementor-size-sm\">+ INFO<\/a><\/div><\/div><\/div><div class=\"elementor-repeater-item-46f7c55 swiper-slide\" role=\"group\" aria-roledescription=\"slide\"><div class=\"swiper-slide-bg\" role=\"img\" aria-label=\"sevilla-alcazar-interior-viatge-en-grup-andalusia-viatges-vinolas\"><\/div><div class=\"elementor-background-overlay\"><\/div><div class=\"swiper-slide-inner\" ><div class=\"swiper-slide-contents\"><div class=\"elementor-slide-heading\">ANDALUC\u00cdA<\/div><div class=\"elementor-slide-description\">De l'1 al 7 d'agost del 2027<br>\n2.475\u20ac<\/div><a href=\"https:\/\/viatgesvinolas.com\/viatges-en-grup\/viatge-en-grup-a-andalusia-en-ave\/\" class=\"elementor-button elementor-slide-button elementor-size-sm\">+ INFO<\/a><\/div><\/div><\/div><div class=\"elementor-repeater-item-529ac06 swiper-slide\" role=\"group\" aria-roledescription=\"slide\"><div class=\"swiper-slide-bg\" role=\"img\" aria-label=\"egipte-cap-dany-destacat-viatges-vinolas\"><\/div><div class=\"elementor-background-overlay\"><\/div><div class=\"swiper-slide-inner\" ><div class=\"swiper-slide-contents\"><div class=\"elementor-slide-heading\">SETMANA SANTA A EGIPTE<\/div><div class=\"elementor-slide-description\">Del 20 al 29 de mar\u00e7 del 2027\n<br>\n3.950\u20ac<\/div><a href=\"https:\/\/viatgesvinolas.com\/viatges-en-grup\/viatge-en-grup-egipte-setmana-santa\/\" class=\"elementor-button elementor-slide-button elementor-size-sm\">+ INFO<\/a><\/div><\/div><\/div><div class=\"elementor-repeater-item-49cd746 swiper-slide\" role=\"group\" aria-roledescription=\"slide\"><div class=\"swiper-slide-bg\" role=\"img\" aria-label=\"msc-splendida-viatge-en-grup-creuer-pel-mediterrani-viatges-vinolas\"><\/div><div class=\"swiper-slide-inner\" ><div class=\"swiper-slide-contents\"><div class=\"elementor-slide-heading\">CREUER PEL MEDITERRANI<\/div><div class=\"elementor-slide-description\">Del 25 d'octubre a l'1 de novembre del 2026<br>\n1.600\u20ac<\/div><a href=\"https:\/\/viatgesvinolas.com\/viatges-en-grup\/viatge-en-grup-en-creuer-pel-mediterrani\/\" class=\"elementor-button elementor-slide-button elementor-size-sm\">+ INFO<\/a><\/div><\/div><\/div><div class=\"elementor-repeater-item-9ebff30 swiper-slide\" role=\"group\" aria-roledescription=\"slide\"><div class=\"swiper-slide-bg\" role=\"img\" aria-label=\"tutankamon-gem-gran-museu-egipci-viatge-en-grup-el-caire-egipte-cap-dany-viatges-vinolas\"><\/div><div class=\"swiper-slide-inner\" ><div class=\"swiper-slide-contents\"><div class=\"elementor-slide-heading\">EL CAIRE, GEM<\/div><div class=\"elementor-slide-description\">Del 26 al 31 d'octubre del 2026<br>\n2.450\u20ac<\/div><a href=\"https:\/\/viatgesvinolas.com\/viatges-en-grup\/viatge-en-grup-a-el-caire\/\" class=\"elementor-button elementor-slide-button elementor-size-sm\">+ INFO<\/a><\/div><\/div><\/div><div class=\"elementor-repeater-item-f140429 swiper-slide\" role=\"group\" aria-roledescription=\"slide\"><div class=\"swiper-slide-bg\" role=\"img\" aria-label=\"chiang-mai-festival-llanternes-viatges-en-grup-viatges-vinolas-tailandia\"><\/div><div class=\"swiper-slide-inner\" ><div class=\"swiper-slide-contents\"><div class=\"elementor-slide-heading\">TAIL\u00c0NDIA<\/div><div class=\"elementor-slide-description\">Del 17 al 28 de novembre del 2026<br>\n4.350\u20ac<\/div><a href=\"https:\/\/viatgesvinolas.com\/viatges-en-grup\/viatge-en-grup-tailandia-2026\/\" class=\"elementor-button elementor-slide-button elementor-size-sm\">+ INFO<\/a><\/div><\/div><\/div><div class=\"elementor-repeater-item-942d454 swiper-slide\" role=\"group\" aria-roledescription=\"slide\"><div class=\"swiper-slide-bg\" role=\"img\" aria-label=\"porta-Brandenburg-viatge-en-grup-berlin-viatges-vinolas\"><\/div><div class=\"swiper-slide-inner\" ><div class=\"swiper-slide-contents\"><div class=\"elementor-slide-heading\">CAP D'ANY A BERL\u00cdN<\/div><div class=\"elementor-slide-description\">Del 29 de desembre a l'1 de gener del 2027<br>\n1.675\u20ac<\/div><a href=\"https:\/\/viatgesvinolas.com\/viatges-en-grup\/viatge-en-grup-a-berlin-per-cap-dany\/\" class=\"elementor-button elementor-slide-button elementor-size-sm\">+ INFO<\/a><\/div><\/div><\/div><div class=\"elementor-repeater-item-70d90a0 swiper-slide\" role=\"group\" aria-roledescription=\"slide\"><div class=\"swiper-slide-bg\" role=\"img\" aria-label=\"calafate-viatge-en-grup-argentina-viatges-vinolas\"><\/div><div class=\"swiper-slide-inner\" ><div class=\"swiper-slide-contents\"><div class=\"elementor-slide-heading\">ARGENTINA<\/div><div class=\"elementor-slide-description\">Del 7 al 19 de mar\u00e7 del 2027<br>\n7.500\u20ac<\/div><a href=\"https:\/\/viatgesvinolas.com\/viatges-en-grup\/viatge-en-grup-a-argentina\/\" class=\"elementor-button elementor-slide-button elementor-size-sm\">+ INFO<\/a><\/div><\/div><\/div><div class=\"elementor-repeater-item-d43bf57 swiper-slide\" role=\"group\" aria-roledescription=\"slide\"><div class=\"swiper-slide-bg\" role=\"img\" aria-label=\"atenes-viatge-en-grup-grecia-viatges-vinolas\"><\/div><div class=\"swiper-slide-inner\" ><div class=\"swiper-slide-contents\"><div class=\"elementor-slide-heading\">GR\u00c8CIA<\/div><div class=\"elementor-slide-description\">Del 13 al 19 de mar\u00e7 del 2026<br>\n2.200\u20ac<\/div><a href=\"https:\/\/viatgesvinolas.com\/viatges-en-grup\/viatge-en-grup-a-grecia\/\" class=\"elementor-button elementor-slide-button elementor-size-sm\">+ INFO<\/a><\/div><\/div><\/div><div class=\"elementor-repeater-item-880a524 swiper-slide\" role=\"group\" aria-roledescription=\"slide\"><div class=\"swiper-slide-bg\" role=\"img\" aria-label=\"castell-trakai-vilnius-lituania-viatge-en-grup-paisos-baltics-viatges-vinolas\"><\/div><div class=\"swiper-slide-inner\" ><div class=\"swiper-slide-contents\"><div class=\"elementor-slide-heading\">PA\u00cfSOS B\u00c0LTICS<\/div><div class=\"elementor-slide-description\">De l'1 al 7 d'agost del 2027<br>\n2.475\u20ac<\/div><a href=\"https:\/\/viatgesvinolas.com\/viatges-en-grup\/viatge-en-grup-als-paisos-baltics\/\" class=\"elementor-button elementor-slide-button elementor-size-sm\">+ INFO<\/a><\/div><\/div><\/div>\t\t\t\t<\/div>\n\t\t\t\t\t\t\t\t\t\t\t\t\t\t\t<div class=\"elementor-swiper-button elementor-swiper-button-prev\" role=\"button\" tabindex=\"0\" aria-label=\"Previous slide\">\n\t\t\t\t\t\t\t<svg aria-hidden=\"true\" class=\"e-font-icon-svg e-eicon-chevron-left\" viewBox=\"0 0 1000 1000\" xmlns=\"http:\/\/www.w3.org\/2000\/svg\"><path d=\"M646 125C629 125 613 133 604 142L308 442C296 454 292 471 292 487 292 504 296 521 308 533L604 854C617 867 629 875 646 875 663 875 679 871 692 858 704 846 713 829 713 812 713 796 708 779 692 767L438 487 692 225C700 217 708 204 708 187 708 171 704 154 692 142 675 129 663 125 646 125Z\"><\/path><\/svg>\t\t\t\t\t\t<\/div>\n\t\t\t\t\t\t<div class=\"elementor-swiper-button elementor-swiper-button-next\" role=\"button\" tabindex=\"0\" aria-label=\"Next slide\">\n\t\t\t\t\t\t\t<svg aria-hidden=\"true\" class=\"e-font-icon-svg e-eicon-chevron-right\" viewBox=\"0 0 1000 1000\" xmlns=\"http:\/\/www.w3.org\/2000\/svg\"><path d=\"M696 533C708 521 713 504 713 487 713 471 708 454 696 446L400 146C388 133 375 125 354 125 338 125 325 129 313 142 300 154 292 171 292 187 292 204 296 221 308 233L563 492 304 771C292 783 288 800 288 817 288 833 296 850 308 863 321 871 338 875 354 875 371 875 388 867 400 854L696 533Z\"><\/path><\/svg>\t\t\t\t\t\t<\/div>\n\t\t\t\t\t\t\t\t\t\t\t\t\t\t\t\t<div class=\"swiper-pagination\"><\/div>\n\t\t\t\t\t\t\t\t\t\t\t\t<\/div>\n\t\t\t\t<\/div>\n\t\t\t\t\t\t\t\t<\/div>\n\t\t\t\t<\/div>\n\t\t\t\t<\/div>\n\t\t<div class=\"elementor-element elementor-element-3d41e66a e-con-full e-flex e-con e-child\" data-id=\"3d41e66a\" data-element_type=\"container\" data-e-type=\"container\" data-settings=\"{&quot;jet_parallax_layout_list&quot;:[]}\">\n\t\t\t\t<div class=\"elementor-element elementor-element-1e15131f elementor--h-position-center elementor--v-position-middle elementor-arrows-position-inside elementor-pagination-position-inside elementor-widget elementor-widget-global elementor-global-10043 elementor-widget-slides\" data-id=\"1e15131f\" data-element_type=\"widget\" data-e-type=\"widget\" data-settings=\"{&quot;navigation&quot;:&quot;both&quot;,&quot;autoplay&quot;:&quot;yes&quot;,&quot;pause_on_hover&quot;:&quot;yes&quot;,&quot;pause_on_interaction&quot;:&quot;yes&quot;,&quot;autoplay_speed&quot;:5000,&quot;infinite&quot;:&quot;yes&quot;,&quot;transition&quot;:&quot;slide&quot;,&quot;transition_speed&quot;:500}\" data-widget_type=\"slides.default\">\n\t\t\t\t<div class=\"elementor-widget-container\">\n\t\t\t\t\t\t\t\t\t<div class=\"elementor-swiper\">\n\t\t\t\t\t<div class=\"elementor-slides-wrapper elementor-main-swiper swiper\" role=\"region\" aria-roledescription=\"carousel\" aria-label=\"Diapositivas\" dir=\"ltr\" data-animation=\"\">\n\t\t\t\t<div class=\"swiper-wrapper elementor-slides\">\n\t\t\t\t\t\t\t\t\t\t<div class=\"elementor-repeater-item-8888538 swiper-slide\" role=\"group\" aria-roledescription=\"slide\"><div class=\"swiper-slide-bg\" role=\"img\" aria-label=\"slide-destacat-salamanca-viatge-en-grup-viatges-vinolas\"><\/div><div class=\"swiper-slide-inner\" ><div class=\"swiper-slide-contents\"><div class=\"elementor-slide-heading\">SALAMANCA<\/div><div class=\"elementor-slide-description\">Del 22 al 27 d'octubre del 2026<br>\n1.600\u20ac<\/div><a href=\"https:\/\/viatgesvinolas.com\/viatges-en-grup\/viatge-en-grup-a-salamanca-terres-de-castella\/\" class=\"elementor-button elementor-slide-button elementor-size-sm\">+ INFO<\/a><\/div><\/div><\/div><div class=\"elementor-repeater-item-4b19948 swiper-slide\" role=\"group\" aria-roledescription=\"slide\"><div class=\"swiper-slide-bg\" role=\"img\" aria-label=\"istanbul nit\"><\/div><div class=\"swiper-slide-inner\" ><div class=\"swiper-slide-contents\"><div class=\"elementor-slide-heading\">ISTANBUL<\/div><div class=\"elementor-slide-description\">Del 4 al 8 de diciembre del 2026<br>\n1.895\u20ac<\/div><a href=\"https:\/\/viatgesvinolas.com\/viatges-en-grup\/viatge-en-grup-a-istanbul\/\" class=\"elementor-button elementor-slide-button elementor-size-sm\">+ INFO<\/a><\/div><\/div><\/div><div class=\"elementor-repeater-item-14997fd swiper-slide\" role=\"group\" aria-roledescription=\"slide\"><div class=\"swiper-slide-bg\" role=\"img\" aria-label=\"paraigues-viatge-en-grup-xina-viatges-vinolas\"><\/div><div class=\"swiper-slide-inner\" ><div class=\"swiper-slide-contents\"><div class=\"elementor-slide-heading\">XINA PER CAP D'ANY<\/div><div class=\"elementor-slide-description\">Del 26 de desembre al 5 de gener del 2027<br>\n4.600\u20ac<\/div><a href=\"https:\/\/viatgesvinolas.com\/viatges-en-grup\/viatge-en-grup-a-xina-per-cap-dany\/\" class=\"elementor-button elementor-slide-button elementor-size-sm\">+ INFO<\/a><\/div><\/div><\/div><div class=\"elementor-repeater-item-fa620af swiper-slide\" role=\"group\" aria-roledescription=\"slide\"><div class=\"swiper-slide-bg\" role=\"img\" aria-label=\"elefants-reserva-natural-massai-mara-viatge-en-grup-safari-a-kenia-viatges-vinolas\"><\/div><div class=\"swiper-slide-inner\" ><div class=\"swiper-slide-contents\"><div class=\"elementor-slide-heading\">SAFARI A KENYA<\/div><div class=\"elementor-slide-description\">Del 4 al 13 de febrer del 2027<br>\n5.900 \u20ac<\/div><a href=\"https:\/\/viatgesvinolas.com\/viatges-en-grup\/safari-en-grup-a-kenia\/\" class=\"elementor-button elementor-slide-button elementor-size-sm\">+ INFO<\/a><\/div><\/div><\/div><div class=\"elementor-repeater-item-bcf0755 swiper-slide\" role=\"group\" aria-roledescription=\"slide\"><div class=\"swiper-slide-bg\" role=\"img\" aria-label=\"slide-destacat-corea-viatge-en-grup-viatges-vinolas\"><\/div><div class=\"swiper-slide-inner\" ><div class=\"swiper-slide-contents\"><div class=\"elementor-slide-heading\">COREA<\/div><div class=\"elementor-slide-description\">Del 27 de mar\u00e7 al 7 d'abril del 2027<br>\n5.975\u20ac<\/div><a href=\"https:\/\/viatgesvinolas.com\/viatges-en-grup\/viatge-en-grup-a-corea-en-floracio\/\" class=\"elementor-button elementor-slide-button elementor-size-sm\">+ INFO<\/a><\/div><\/div><\/div><div class=\"elementor-repeater-item-8ac5c2e swiper-slide\" role=\"group\" aria-roledescription=\"slide\"><div class=\"swiper-slide-bg\" role=\"img\" aria-label=\"noruega-terra-fiords-stavanger-viatges-vinolas\"><\/div><div class=\"swiper-slide-inner\" ><div class=\"swiper-slide-contents\"><div class=\"elementor-slide-heading\">CREUER PELS FIORDS NORUECS<\/div><div class=\"elementor-slide-description\">Del 13 al 20 de juny del 2027\n<br>\n2.400\u20ac<\/div><a href=\"https:\/\/viatgesvinolas.com\/viatges-en-grup\/viatge-en-grup-als-fiords-noruecs-en-creuer\/\" class=\"elementor-button elementor-slide-button elementor-size-sm\">+ INFO<\/a><\/div><\/div><\/div><div class=\"elementor-repeater-item-b32866f swiper-slide\" role=\"group\" aria-roledescription=\"slide\"><div class=\"swiper-slide-bg\" role=\"img\" aria-label=\"slide-destacat-oslo-mercats-nadal-viatge-en-grup-viatges-vinolas\"><\/div><div class=\"swiper-slide-inner\" ><div class=\"swiper-slide-contents\"><div class=\"elementor-slide-heading\">OSLO, MERCATS DE NADAL<\/div><div class=\"elementor-slide-description\">Del 10 al 13 de desembre del 2026<br>\n1.700\u20ac<\/div><a href=\"https:\/\/viatgesvinolas.com\/viatges-en-grup\/viatge-en-grup-a-oslo-mercats-de-nadal\/\" class=\"elementor-button elementor-slide-button elementor-size-sm\">+ INFO<\/a><\/div><\/div><\/div><div class=\"elementor-repeater-item-33132a8 swiper-slide\" role=\"group\" aria-roledescription=\"slide\"><div class=\"swiper-slide-bg\" role=\"img\" aria-label=\"viatge-en-grup-malaga-viatges-vinolas\"><\/div><div class=\"swiper-slide-inner\" ><div class=\"swiper-slide-contents\"><div class=\"elementor-slide-heading\">M\u00c1LAGA, COSTA DEL SOL<\/div><div class=\"elementor-slide-description\">Del 16 al 22 de novembre del 2026<br>\n1.400\u20ac<\/div><a href=\"https:\/\/viatgesvinolas.com\/viatges-en-grup\/viatge-en-grup-a-malaga-2026\/\" class=\"elementor-button elementor-slide-button elementor-size-sm\">+ INFO<\/a><\/div><\/div><\/div><div class=\"elementor-repeater-item-546a308 swiper-slide\" role=\"group\" aria-roledescription=\"slide\"><div class=\"swiper-slide-bg\" role=\"img\" aria-label=\"slide-destacat-atenes-illes-gregues-viatge-en-grup-viatges-vinolas\"><\/div><div class=\"swiper-slide-inner\" ><div class=\"swiper-slide-contents\"><div class=\"elementor-slide-heading\">ATENES & CREUER ILLES GREGUES<\/div><div class=\"elementor-slide-description\">Del 25 al 30 de juliol del 2027<br>\n2.990\u20ac<\/div><a href=\"https:\/\/viatgesvinolas.com\/viatges-en-grup\/viatge-en-grup-a-atenes-creuer-per-les-illes-gregues\/S\" class=\"elementor-button elementor-slide-button elementor-size-sm\">+ INFO<\/a><\/div><\/div><\/div>\t\t\t\t<\/div>\n\t\t\t\t\t\t\t\t\t\t\t\t\t\t\t<div class=\"elementor-swiper-button elementor-swiper-button-prev\" role=\"button\" tabindex=\"0\" aria-label=\"Previous slide\">\n\t\t\t\t\t\t\t<svg aria-hidden=\"true\" class=\"e-font-icon-svg e-eicon-chevron-left\" viewBox=\"0 0 1000 1000\" xmlns=\"http:\/\/www.w3.org\/2000\/svg\"><path d=\"M646 125C629 125 613 133 604 142L308 442C296 454 292 471 292 487 292 504 296 521 308 533L604 854C617 867 629 875 646 875 663 875 679 871 692 858 704 846 713 829 713 812 713 796 708 779 692 767L438 487 692 225C700 217 708 204 708 187 708 171 704 154 692 142 675 129 663 125 646 125Z\"><\/path><\/svg>\t\t\t\t\t\t<\/div>\n\t\t\t\t\t\t<div class=\"elementor-swiper-button elementor-swiper-button-next\" role=\"button\" tabindex=\"0\" aria-label=\"Next slide\">\n\t\t\t\t\t\t\t<svg aria-hidden=\"true\" class=\"e-font-icon-svg e-eicon-chevron-right\" viewBox=\"0 0 1000 1000\" xmlns=\"http:\/\/www.w3.org\/2000\/svg\"><path d=\"M696 533C708 521 713 504 713 487 713 471 708 454 696 446L400 146C388 133 375 125 354 125 338 125 325 129 313 142 300 154 292 171 292 187 292 204 296 221 308 233L563 492 304 771C292 783 288 800 288 817 288 833 296 850 308 863 321 871 338 875 354 875 371 875 388 867 400 854L696 533Z\"><\/path><\/svg>\t\t\t\t\t\t<\/div>\n\t\t\t\t\t\t\t\t\t\t\t\t\t\t\t\t<div class=\"swiper-pagination\"><\/div>\n\t\t\t\t\t\t\t\t\t\t\t\t<\/div>\n\t\t\t\t<\/div>\n\t\t\t\t\t\t\t\t<\/div>\n\t\t\t\t<\/div>\n\t\t\t\t<\/div>\n\t\t\t\t<\/div>\n\t\t\t\t\t<\/div>\n\t\t\t\t<\/div>\n\t\t\t\t<\/div>\n\t\t","protected":false},"excerpt":{"rendered":"<p>VIATGE EN GRUP A TURQUIA Aquest viatge en grup a Turquia ens portar\u00e0, del 8 al 16 de maig de 2027, a descobrir dues cares fascinants d\u2019un pa\u00eds situat entre Europa i \u00c0sia: els paisatges gaireb\u00e9 irreals de la Capad\u00f2cia i l\u2019energia inconfusible d\u2019Istanbul. Un viatge organitzat a Turquia, amb sortida des de diversos punts [&hellip;]<\/p>\n","protected":false},"author":192447021,"featured_media":48021,"parent":1121,"menu_order":0,"comment_status":"closed","ping_status":"closed","template":"elementor_header_footer","meta":{"content-type":"","_wpcom_ai_launchpad_about_page":false,"_wpcom_ai_launchpad_gallery_page":false,"_wpcom_ai_launchpad_contact_page":false,"_wpcom_ai_launchpad_events_page":false,"_wpcom_ai_launchpad_video_page":false,"_wpcom_ai_launchpad_portfolio_piece":false,"footnotes":""},"class_list":["post-48020","page","type-page","status-publish","has-post-thumbnail","hentry"],"jetpack_likes_enabled":false,"jetpack_sharing_enabled":true,"jetpack_shortlink":"https:\/\/wp.me\/PcwC79-cuw","_links":{"self":[{"href":"https:\/\/viatgesvinolas.com\/en\/wp-json\/wp\/v2\/pages\/48020","targetHints":{"allow":["GET"]}}],"collection":[{"href":"https:\/\/viatgesvinolas.com\/en\/wp-json\/wp\/v2\/pages"}],"about":[{"href":"https:\/\/viatgesvinolas.com\/en\/wp-json\/wp\/v2\/types\/page"}],"author":[{"embeddable":true,"href":"https:\/\/viatgesvinolas.com\/en\/wp-json\/wp\/v2\/users\/192447021"}],"replies":[{"embeddable":true,"href":"https:\/\/viatgesvinolas.com\/en\/wp-json\/wp\/v2\/comments?post=48020"}],"version-history":[{"count":19,"href":"https:\/\/viatgesvinolas.com\/en\/wp-json\/wp\/v2\/pages\/48020\/revisions"}],"predecessor-version":[{"id":48082,"href":"https:\/\/viatgesvinolas.com\/en\/wp-json\/wp\/v2\/pages\/48020\/revisions\/48082"}],"up":[{"embeddable":true,"href":"https:\/\/viatgesvinolas.com\/en\/wp-json\/wp\/v2\/pages\/1121"}],"wp:featuredmedia":[{"embeddable":true,"href":"https:\/\/viatgesvinolas.com\/en\/wp-json\/wp\/v2\/media\/48021"}],"wp:attachment":[{"href":"https:\/\/viatgesvinolas.com\/en\/wp-json\/wp\/v2\/media?parent=48020"}],"curies":[{"name":"wp","href":"https:\/\/api.w.org\/{rel}","templated":true}]}}